{"id":380,"date":"2021-06-20T15:03:23","date_gmt":"2021-06-20T15:03:23","guid":{"rendered":"https:\/\/reve-provencal.com\/?page_id=380"},"modified":"2024-11-28T14:37:13","modified_gmt":"2024-11-28T14:37:13","slug":"omgeving","status":"publish","type":"page","link":"https:\/\/reve-provencal.com\/nl\/omgeving\/","title":{"rendered":"Omgeving"},"content":{"rendered":"<p>[et_pb_section fb_built=&#8221;1&#8243; admin_label=&#8221;Our Specialties Section&#8221; _builder_version=&#8221;4.16&#8243; custom_padding=&#8221;3em||3em||true|false&#8221; global_colors_info=&#8221;{}&#8221;][et_pb_row custom_padding_last_edited=&#8221;on|phone&#8221; admin_label=&#8221;Title Area&#8221; _builder_version=&#8221;4.16&#8243; custom_padding=&#8221;0px||0px||true|false&#8221; custom_padding_tablet=&#8221;&#8221; custom_padding_phone=&#8221;0px||0px||true|false&#8221; global_colors_info=&#8221;{}&#8221;][et_pb_column type=&#8221;4_4&#8243; _builder_version=&#8221;4.16&#8243; custom_padding=&#8221;|||&#8221; global_colors_info=&#8221;{}&#8221; custom_padding__hover=&#8221;|||&#8221;][et_pb_text admin_label=&#8221;Title&#8221; _builder_version=&#8221;4.16&#8243; text_font=&#8221;||||||||&#8221; header_font=&#8221;||||||||&#8221; header_2_font=&#8221;||||||||&#8221; header_2_text_align=&#8221;center&#8221; header_2_font_size=&#8221;58px&#8221; header_2_line_height=&#8221;1.3em&#8221; custom_margin=&#8221;||20px|&#8221; animation_style=&#8221;slide&#8221; animation_direction=&#8221;top&#8221; animation_intensity_slide=&#8221;30%&#8221; animation_starting_opacity=&#8221;100%&#8221; header_2_font_size_tablet=&#8221;&#8221; header_2_font_size_phone=&#8221;44px&#8221; header_2_font_size_last_edited=&#8221;on|phone&#8221; global_colors_info=&#8221;{}&#8221;]<\/p>\n<h2>In de omgeving van Le R\u00eave Proven\u00e7al<\/h2>\n<p>[\/et_pb_text][et_pb_divider color=&#8221;#8875BB&#8221; divider_weight=&#8221;3px&#8221; _builder_version=&#8221;4.16&#8243; max_width=&#8221;50px&#8221; module_alignment=&#8221;center&#8221; custom_margin=&#8221;||10px|&#8221; animation_style=&#8221;slide&#8221; animation_direction=&#8221;top&#8221; animation_intensity_slide=&#8221;30%&#8221; animation_starting_opacity=&#8221;100%&#8221; global_colors_info=&#8221;{}&#8221;][\/et_pb_divider][et_pb_text admin_label=&#8221;Subtitle&#8221; _builder_version=&#8221;4.16&#8243; text_font=&#8221;||||||||&#8221; text_line_height=&#8221;1.8em&#8221; text_orientation=&#8221;center&#8221; max_width=&#8221;700px&#8221; module_alignment=&#8221;center&#8221; animation_direction=&#8221;top&#8221; global_colors_info=&#8221;{}&#8221;]<\/p>\n<p>Er is genoeg te doen in de omgeving van Le R\u00eave Proven\u00e7al. Of je nu van wandelen, fietsen, nietsdoen, kastelen of proven\u00e7aalse markten houdt.<\/p>\n<p>[\/et_pb_text][\/et_pb_column][\/et_pb_row][\/et_pb_section][et_pb_section fb_built=&#8221;1&#8243; custom_padding_last_edited=&#8221;on|phone&#8221; _builder_version=&#8221;4.16&#8243; _module_preset=&#8221;default&#8221; background_color=&#8221;#8875BB&#8221; custom_padding=&#8221;3em||4em||false|false&#8221; custom_padding_tablet=&#8221;&#8221; custom_padding_phone=&#8221;2em||2em||true|false&#8221; global_colors_info=&#8221;{}&#8221;][et_pb_row column_structure=&#8221;3_5,2_5&#8243; _builder_version=&#8221;4.16&#8243; _module_preset=&#8221;default&#8221; custom_padding=&#8221;0px||0px||true|false&#8221; global_colors_info=&#8221;{}&#8221;][et_pb_column type=&#8221;3_5&#8243; _builder_version=&#8221;4.16&#8243; _module_preset=&#8221;default&#8221; global_colors_info=&#8221;{}&#8221;][et_pb_text _builder_version=&#8221;4.16&#8243; _module_preset=&#8221;default&#8221; text_text_color=&#8221;#FFFFFF&#8221; link_font=&#8221;|700|||||||&#8221; link_text_color=&#8221;#CDE2D3&#8243; header_2_text_color=&#8221;#FFFFFF&#8221; header_2_font_size=&#8221;42px&#8221; global_colors_info=&#8221;{}&#8221; link_text_color__hover_enabled=&#8221;on|desktop&#8221; link_text_color__hover=&#8221;#8300E9&#8243;]<\/p>\n<h2>Lavendel<\/h2>\n<p>Wie aan de Provence denkt, denkt vanzelfsprekend direct aan lavendel. De lavendelvelden staan van ongeveer half juni tot half juli in bloei. Bijgaand kaartje van <a href=\"https:\/\/www.routes-lavande.com\/\" target=\"_blank\" rel=\"noopener\">Les routes de la lavande<\/a> laat zien vanaf wanneer en waar de lavendel bloeit en geoogst wordt.<\/p>\n<p>In Nyons kan de <a href=\"https:\/\/distillerie-bleu-provence.com\/\" target=\"_blank\" rel=\"noopener\">lavendeldistilleerderij Bleu Provence<\/a> bezocht worden. Er worden rondleidingen gegeven en er kunnen heel veel verschillende producten met lavendel gekocht worden.<\/p>\n<p>[\/et_pb_text][et_pb_text _builder_version=&#8221;4.16&#8243; _module_preset=&#8221;default&#8221; text_text_color=&#8221;#3D423F&#8221; link_font=&#8221;|600|||||||&#8221; link_text_color=&#8221;#95B295&#8243; background_color=&#8221;#F3F7F4&#8243; text_orientation=&#8221;center&#8221; custom_padding=&#8221;1em|1em|1em|1em|true|true&#8221; link_text_color_last_edited=&#8221;off|desktop&#8221; background_last_edited=&#8221;off|desktop&#8221; border_radii=&#8221;on|4px|4px|4px|4px&#8221; box_shadow_style=&#8221;preset3&#8243; box_shadow_color=&#8221;#D8E9DD&#8221; global_colors_info=&#8221;{}&#8221; link_text_color__hover_enabled=&#8221;on|hover&#8221; link_text_color__hover=&#8221;#95B295&#8243; background__hover_enabled=&#8221;off|desktop&#8221; background_color__hover=&#8221;#F3F7F4&#8243; background_enable_color__hover=&#8221;on&#8221;]<\/p>\n<p>Meer over lavendel in de blog <a href=\"https:\/\/reve-provencal.com\/nl\/lavendel-in-de-provence\/\">Lavendel in de Provence<\/a>.<\/p>\n<p>[\/et_pb_text][\/et_pb_column][et_pb_column type=&#8221;2_5&#8243; _builder_version=&#8221;4.16&#8243; _module_preset=&#8221;default&#8221; global_colors_info=&#8221;{}&#8221;][et_pb_image src=&#8221;https:\/\/reve-provencal.com\/wp-content\/uploads\/2021\/06\/bloeitijd-lavendel.jpg&#8221; alt=&#8221;Bloeitijd lavendel in de Provence&#8221; title_text=&#8221;Bloeitijd lavendel in de Provence&#8221; show_in_lightbox=&#8221;on&#8221; _builder_version=&#8221;4.16&#8243; _module_preset=&#8221;252e04d1-cf21-4179-b94d-b3a94039e31a&#8221; global_colors_info=&#8221;{}&#8221;][\/et_pb_image][\/et_pb_column][\/et_pb_row][\/et_pb_section][et_pb_section fb_built=&#8221;1&#8243; _builder_version=&#8221;4.16&#8243; _module_preset=&#8221;default&#8221; global_colors_info=&#8221;{}&#8221;][et_pb_row column_structure=&#8221;1_2,1_2&#8243; _builder_version=&#8221;4.16&#8243; _module_preset=&#8221;default&#8221; width=&#8221;100%&#8221; max_width=&#8221;1480px&#8221; custom_padding=&#8221;0px||0px||true|false&#8221; global_colors_info=&#8221;{}&#8221;][et_pb_column type=&#8221;1_2&#8243; _builder_version=&#8221;4.16&#8243; _module_preset=&#8221;default&#8221; global_colors_info=&#8221;{}&#8221;][et_pb_image src=&#8221;https:\/\/reve-provencal.com\/wp-content\/uploads\/2021\/06\/vinsobres-wijngaarden-mont-ventoux-1.jpg&#8221; alt=&#8221;De wijngaarden van Vinsobres met de Mont Ventoux op de achtergrond&#8221; title_text=&#8221;De wijngaarden van Vinsobres met de Mont Ventoux op de achtergrond&#8221; show_in_lightbox=&#8221;on&#8221; _builder_version=&#8221;4.16&#8243; _module_preset=&#8221;252e04d1-cf21-4179-b94d-b3a94039e31a&#8221; global_colors_info=&#8221;{}&#8221;][\/et_pb_image][\/et_pb_column][et_pb_column type=&#8221;1_2&#8243; _builder_version=&#8221;4.16&#8243; _module_preset=&#8221;default&#8221; global_colors_info=&#8221;{}&#8221;][et_pb_text _builder_version=&#8221;4.16&#8243; _module_preset=&#8221;default&#8221; header_2_font_size=&#8221;42px&#8221; global_colors_info=&#8221;{}&#8221;]<\/p>\n<h2>Wijn &amp; olijfolie<\/h2>\n<p>Le R\u00eave Proven\u00e7al is omgeven door \u2013 veelal biologische \u2013 wijngaarden en olijfboomgaarden, waar ter plekke wijn of olijfolie gekocht kan worden. We bevinden ons midden in het gebied van de <a href=\"https:\/\/reve-provencal.com\/nl\/de-zwarte-olijven-van-nyons\/\">zwarte olijven van Nyons<\/a>.<\/p>\n<p>[\/et_pb_text][et_pb_text _builder_version=&#8221;4.16&#8243; _module_preset=&#8221;9607542c-8c92-4a0f-baff-f4f557e167a2&#8243; background_color=&#8221;#D8E9DD&#8221; global_colors_info=&#8221;{}&#8221;]<\/p>\n<p><strong>Tip<\/strong>: Het Office du Tourisme in Mirabel-aux-Baronnies is ook een verkooppunt van lokale wijnen en olijfolie. Het leuke is, is dat je er deze wijnen en olijfoli\u00ebn gratis kunt proeven. Een aanrader.<\/p>\n<p>[\/et_pb_text][\/et_pb_column][\/et_pb_row][\/et_pb_section][et_pb_section fb_built=&#8221;1&#8243; admin_label=&#8221;Gallery Row&#8221; _builder_version=&#8221;4.16&#8243; custom_padding=&#8221;0px|0px|0px|0px&#8221; global_colors_info=&#8221;{}&#8221;][et_pb_row column_structure=&#8221;1_4,1_4,1_4,1_4&#8243; use_custom_gutter=&#8221;on&#8221; gutter_width=&#8221;1&#8243; module_class=&#8221; et_pb_row_fullwidth&#8221; _builder_version=&#8221;4.16&#8243; width=&#8221;100%&#8221; width_tablet=&#8221;100%&#8221; width_phone=&#8221;&#8221; width_last_edited=&#8221;on|desktop&#8221; max_width=&#8221;100%&#8221; max_width_tablet=&#8221;100%&#8221; max_width_phone=&#8221;&#8221; max_width_last_edited=&#8221;on|desktop&#8221; custom_padding=&#8221;0px|0px|0px|0px&#8221; make_fullwidth=&#8221;on&#8221; global_colors_info=&#8221;{}&#8221;][et_pb_column type=&#8221;1_4&#8243; _builder_version=&#8221;4.16&#8243; custom_padding=&#8221;|||&#8221; global_colors_info=&#8221;{}&#8221; custom_padding__hover=&#8221;|||&#8221;][et_pb_image src=&#8221;https:\/\/reve-provencal.com\/wp-content\/uploads\/2021\/06\/water-tappen-tijdens-fietstocht.jpg&#8221; alt=&#8221;Watertappen tijdens een fietstocht in de Dr\u00f4me Proven\u00e7ale&#8221; title_text=&#8221;Watertappen tijdens een fietstocht in de Dr\u00f4me Proven\u00e7ale&#8221; force_fullwidth=&#8221;on&#8221; align_tablet=&#8221;center&#8221; align_phone=&#8221;&#8221; align_last_edited=&#8221;on|desktop&#8221; _builder_version=&#8221;4.16&#8243; locked=&#8221;off&#8221; global_colors_info=&#8221;{}&#8221;][\/et_pb_image][\/et_pb_column][et_pb_column type=&#8221;1_4&#8243; _builder_version=&#8221;4.16&#8243; custom_padding=&#8221;|||&#8221; global_colors_info=&#8221;{}&#8221; custom_padding__hover=&#8221;|||&#8221;][et_pb_image src=&#8221;https:\/\/reve-provencal.com\/wp-content\/uploads\/2021\/06\/fietsen-col-de-pegue.jpg&#8221; alt=&#8221;De Col de P\u00e8gue fietsen&#8221; title_text=&#8221;De Col de P\u00e8gue fietsen&#8221; force_fullwidth=&#8221;on&#8221; align_tablet=&#8221;center&#8221; align_phone=&#8221;&#8221; align_last_edited=&#8221;on|desktop&#8221; _builder_version=&#8221;4.16&#8243; locked=&#8221;off&#8221; global_colors_info=&#8221;{}&#8221;][\/et_pb_image][\/et_pb_column][et_pb_column type=&#8221;1_4&#8243; _builder_version=&#8221;4.16&#8243; custom_padding=&#8221;|||&#8221; global_colors_info=&#8221;{}&#8221; custom_padding__hover=&#8221;|||&#8221;][et_pb_image src=&#8221;https:\/\/reve-provencal.com\/wp-content\/uploads\/2021\/06\/fietsen-pernes-les-fontaines.jpg&#8221; alt=&#8221;Fietsen in Pernes-les-Fontaines&#8221; title_text=&#8221;Fietsen in Pernes-les-Fontaines&#8221; force_fullwidth=&#8221;on&#8221; align_tablet=&#8221;center&#8221; align_phone=&#8221;&#8221; align_last_edited=&#8221;on|desktop&#8221; _builder_version=&#8221;4.16&#8243; locked=&#8221;off&#8221; global_colors_info=&#8221;{}&#8221;][\/et_pb_image][\/et_pb_column][et_pb_column type=&#8221;1_4&#8243; _builder_version=&#8221;4.16&#8243; custom_padding=&#8221;|||&#8221; global_colors_info=&#8221;{}&#8221; custom_padding__hover=&#8221;|||&#8221;][et_pb_image src=&#8221;https:\/\/reve-provencal.com\/wp-content\/uploads\/2021\/06\/fietsen-col-d-ey.jpg&#8221; alt=&#8221;De Col d&#8217;Ey fietsen&#8221; title_text=&#8221;De Col d&#8217;Ey fietsen&#8221; force_fullwidth=&#8221;on&#8221; align_tablet=&#8221;center&#8221; align_phone=&#8221;&#8221; align_last_edited=&#8221;on|desktop&#8221; _builder_version=&#8221;4.16&#8243; locked=&#8221;off&#8221; global_colors_info=&#8221;{}&#8221;][\/et_pb_image][\/et_pb_column][\/et_pb_row][\/et_pb_section][et_pb_section fb_built=&#8221;1&#8243; custom_padding_last_edited=&#8221;on|phone&#8221; _builder_version=&#8221;4.16&#8243; _module_preset=&#8221;default&#8221; custom_padding=&#8221;3em||||false|false&#8221; custom_padding_tablet=&#8221;&#8221; custom_padding_phone=&#8221;2em||||false|false&#8221; global_colors_info=&#8221;{}&#8221;][et_pb_row _builder_version=&#8221;4.16&#8243; _module_preset=&#8221;default&#8221; custom_padding=&#8221;0px||0px||true|false&#8221; global_colors_info=&#8221;{}&#8221;][et_pb_column type=&#8221;4_4&#8243; _builder_version=&#8221;4.16&#8243; _module_preset=&#8221;default&#8221; global_colors_info=&#8221;{}&#8221;][et_pb_text _builder_version=&#8221;4.16&#8243; _module_preset=&#8221;default&#8221; header_2_text_align=&#8221;center&#8221; header_2_font_size=&#8221;42px&#8221; header_2_font_size_tablet=&#8221;&#8221; header_2_font_size_phone=&#8221;38px&#8221; header_2_font_size_last_edited=&#8221;on|phone&#8221; global_colors_info=&#8221;{}&#8221;]<\/p>\n<h2>Fietsen in de Provence<\/h2>\n<p>De streek is door de Mont Ventoux vanzelfsprekend bekend bij fietsers. Le R\u00eave Proven\u00e7al bevindt zich op maar 20 km van Malauc\u00e8ne. Maar er is nog zoveel meer te fietsen dan alleen de Mont Ventoux. Niet alleen op de racefiets, maar ook op de mountainbike. Voor de mountainbikers hebben wij een gids met routes klaarliggen in de g\u00eete.<\/p>\n<p>[\/et_pb_text][et_pb_text _builder_version=&#8221;4.16&#8243; _module_preset=&#8221;9607542c-8c92-4a0f-baff-f4f557e167a2&#8243; link_font=&#8221;|600|||||||&#8221; link_text_color=&#8221;#463659&#8243; background_color=&#8221;#D8E9DD&#8221; global_colors_info=&#8221;{}&#8221; link_text_color__hover_enabled=&#8221;on|desktop&#8221; link_text_color__hover=&#8221;#95B295&#8243;]<\/p>\n<p><strong>Tip<\/strong>: meer informatie over het beklimmen van de Mont Ventoux op de fiets, vind je in de <a href=\"https:\/\/reve-provencal.com\/nl\/de-mont-ventoux-fietsen\/\">blog De Mont Ventoux fietsen<\/a>.<\/p>\n<p>[\/et_pb_text][\/et_pb_column][\/et_pb_row][\/et_pb_section][et_pb_section fb_built=&#8221;1&#8243; _builder_version=&#8221;4.16&#8243; _module_preset=&#8221;default&#8221; background_color=&#8221;#F3F7F4&#8243; custom_padding=&#8221;2em||2em||true|false&#8221; global_colors_info=&#8221;{}&#8221;][et_pb_row _builder_version=&#8221;4.16&#8243; _module_preset=&#8221;default&#8221; custom_padding=&#8221;0px||0px||true|false&#8221; global_colors_info=&#8221;{}&#8221;][et_pb_column type=&#8221;4_4&#8243; _builder_version=&#8221;4.16&#8243; _module_preset=&#8221;default&#8221; global_colors_info=&#8221;{}&#8221;][et_pb_text _builder_version=&#8221;4.16&#8243; _module_preset=&#8221;default&#8221; header_2_text_align=&#8221;center&#8221; header_2_font_size=&#8221;42px&#8221; header_2_font_size_tablet=&#8221;&#8221; header_2_font_size_phone=&#8221;38px&#8221; header_2_font_size_last_edited=&#8221;on|phone&#8221; global_colors_info=&#8221;{}&#8221;]<\/p>\n<h2>Uitstapjes vanaf Le R\u00eave Proven\u00e7al<\/h2>\n<p>[\/et_pb_text][\/et_pb_column][\/et_pb_row][et_pb_row column_structure=&#8221;3_5,2_5&#8243; _builder_version=&#8221;4.16&#8243; _module_preset=&#8221;default&#8221; global_colors_info=&#8221;{}&#8221;][et_pb_column type=&#8221;3_5&#8243; _builder_version=&#8221;4.16&#8243; _module_preset=&#8221;default&#8221; global_colors_info=&#8221;{}&#8221;][et_pb_text _builder_version=&#8221;4.16&#8243; _module_preset=&#8221;default&#8221; header_2_text_align=&#8221;center&#8221; header_2_font_size=&#8221;42px&#8221; header_2_font_size_tablet=&#8221;&#8221; header_2_font_size_phone=&#8221;38px&#8221; header_2_font_size_last_edited=&#8221;on|phone&#8221; global_colors_info=&#8221;{}&#8221;]<\/p>\n<p>Er is veel te zien en te doen in de omgeving van Le R\u00eave Proven\u00e7al. Niet alleen voor volwassenen, maar ook voor gezinnen.<\/p>\n<p>Er zijn leuke wandelingen te maken. In de g\u00eete ligt een wandelgids. Er kan zelfs door een rivier gewandeld worden; de <strong>Gorges de Toulourenc<\/strong>. Dit is heerlijk bij warm weer. Tijdens de wandeling kan er op een van de strandjes gepicknickt worden. Vertrekpunt: bruggetje over de rivier Toulourenc bij het dorpje Veaux.<\/p>\n<p>Nabij Remuzat is het mogelijk om van heel dichtbij een <strong>gierenkolonie<\/strong> met verschillende soorten gieren te observeren.<\/p>\n<p>Een <a href=\"http:\/\/www.les-barons-perches.com\/\" target=\"_blank\" rel=\"noopener\"><strong>klimpark<\/strong><\/a> in de bomen is in het bos boven Nyons te vinden. En nabij Buis-les-Baronnies is er een <a href=\"https:\/\/www.baronnies-tourisme.com\/loisir\/via-ferrata-du-saint-julien\/\" target=\"_blank\" rel=\"noopener\"><strong>via ferrata<\/strong><\/a>.<\/p>\n<p>[\/et_pb_text][\/et_pb_column][et_pb_column type=&#8221;2_5&#8243; _builder_version=&#8221;4.16&#8243; _module_preset=&#8221;default&#8221; global_colors_info=&#8221;{}&#8221;][et_pb_image src=&#8221;https:\/\/reve-provencal.com\/wp-content\/uploads\/2021\/06\/wandelen-in-de-gorges-du-toulourenc.jpg&#8221; alt=&#8221;Wandelen in de Gorges du Toulourenc&#8221; title_text=&#8221;Wandelen in de Gorges du Toulourenc&#8221; show_in_lightbox=&#8221;on&#8221; _builder_version=&#8221;4.16&#8243; _module_preset=&#8221;252e04d1-cf21-4179-b94d-b3a94039e31a&#8221; global_colors_info=&#8221;{}&#8221;][\/et_pb_image][\/et_pb_column][\/et_pb_row][et_pb_row column_structure=&#8221;2_5,3_5&#8243; _builder_version=&#8221;4.16&#8243; _module_preset=&#8221;default&#8221; global_colors_info=&#8221;{}&#8221;][et_pb_column type=&#8221;2_5&#8243; _builder_version=&#8221;4.16&#8243; _module_preset=&#8221;default&#8221; global_colors_info=&#8221;{}&#8221;][et_pb_image src=&#8221;https:\/\/reve-provencal.com\/wp-content\/uploads\/2021\/06\/kasteel-van-grignan.jpg&#8221; alt=&#8221;Het kasteel van Grignan&#8221; title_text=&#8221;Het kasteel van Grignan&#8221; show_in_lightbox=&#8221;on&#8221; _builder_version=&#8221;4.16&#8243; _module_preset=&#8221;252e04d1-cf21-4179-b94d-b3a94039e31a&#8221; global_colors_info=&#8221;{}&#8221;][\/et_pb_image][\/et_pb_column][et_pb_column type=&#8221;3_5&#8243; _builder_version=&#8221;4.16&#8243; _module_preset=&#8221;default&#8221; global_colors_info=&#8221;{}&#8221;][et_pb_text _builder_version=&#8221;4.16&#8243; _module_preset=&#8221;default&#8221; link_font=&#8221;|700|||||||&#8221; global_colors_info=&#8221;{}&#8221;]<\/p>\n<p><a href=\"https:\/\/reve-provencal.com\/nl\/kastelen-in-de-provence\/\">Kastelen<\/a> bezoeken behoort ook tot de mogelijkheden: <a href=\"\/\/www.chateaux-ladrome.fr\/fr\/chateau-de-grignan\" target=\"_blank\" rel=\"noopener\">Grignan<\/a>, <a href=\"https:\/\/www.chateaux-ladrome.fr\/fr\/chateau-de-suze-la-rousse\" target=\"_blank\" rel=\"noopener\">Suze la Rousse<\/a> (met wijnuniversiteit) of het stoere <a href=\"https:\/\/www.chateaudubarroux.fr\/\" target=\"_blank\" rel=\"noopener\">kasteel van Barroux<\/a>. Meer informatie over kastelen in de buurt van Le R\u00eave Proven\u00e7al in de blog <a href=\"https:\/\/reve-provencal.com\/kastelen-in-de-provence\/\">Kastelen in de Provence<\/a>.<\/p>\n<p>Kinderen kunnen leren zeep maken bij de <a href=\"https:\/\/distillerie-bleu-provence.com\/\" target=\"_blank\" rel=\"noopener\">lavendeldistilleerderij Bleu Provence<\/a> in Nyons.<\/p>\n<p>In de nabijheid van Le R\u00eave Proven\u00e7al zijn ook 2 zwemparadijzen. Die van camping <a href=\"https:\/\/www.capfun.com\/piscine\/\" target=\"_blank\" rel=\"noopener\">Le Sagittaire<\/a> (3,6 km) en <a href=\"http:\/\/www.nyons.com\/vivre-nyons\/culture-et-loisirs\/parc-aquatique-nyonsoleiado\" target=\"_blank\" rel=\"noopener\">Nyonsole\u00efado<\/a> in Nyons (8 km).<\/p>\n<p>[\/et_pb_text][\/et_pb_column][\/et_pb_row][\/et_pb_section][et_pb_section fb_built=&#8221;1&#8243; custom_padding_last_edited=&#8221;on|phone&#8221; module_id=&#8221;markten&#8221; _builder_version=&#8221;4.16&#8243; _module_preset=&#8221;default&#8221; custom_padding=&#8221;3em||||false|false&#8221; custom_padding_tablet=&#8221;&#8221; custom_padding_phone=&#8221;2em||0em||false|false&#8221; global_colors_info=&#8221;{}&#8221;][et_pb_row _builder_version=&#8221;4.16&#8243; _module_preset=&#8221;default&#8221; custom_padding=&#8221;0px||0px||true|false&#8221; global_colors_info=&#8221;{}&#8221;][et_pb_column type=&#8221;4_4&#8243; _builder_version=&#8221;4.16&#8243; _module_preset=&#8221;default&#8221; global_colors_info=&#8221;{}&#8221;][et_pb_text _builder_version=&#8221;4.16&#8243; _module_preset=&#8221;default&#8221; header_2_text_align=&#8221;center&#8221; header_2_font_size=&#8221;42px&#8221; header_2_font_size_tablet=&#8221;&#8221; header_2_font_size_phone=&#8221;38px&#8221; header_2_font_size_last_edited=&#8221;on|phone&#8221; global_colors_info=&#8221;{}&#8221;]<\/p>\n<h2>Markten<\/h2>\n<p>[\/et_pb_text][\/et_pb_column][\/et_pb_row][et_pb_row _builder_version=&#8221;4.16&#8243; _module_preset=&#8221;default&#8221; custom_padding=&#8221;0px||0px||true|false&#8221; global_colors_info=&#8221;{}&#8221;][et_pb_column type=&#8221;4_4&#8243; _builder_version=&#8221;4.16&#8243; _module_preset=&#8221;default&#8221; global_colors_info=&#8221;{}&#8221;][et_pb_text _builder_version=&#8221;4.16&#8243; _module_preset=&#8221;default&#8221; header_2_text_align=&#8221;center&#8221; header_2_font_size=&#8221;42px&#8221; header_2_font_size_tablet=&#8221;&#8221; header_2_font_size_phone=&#8221;38px&#8221; header_2_font_size_last_edited=&#8221;on|phone&#8221; global_colors_info=&#8221;{}&#8221;]<\/p>\n<p>Naar de markt gaan hoort natuurlijk bij een vakantie in de Provence. Het is ook een prima mogelijkheid om de leuke dorpen en stadjes in de buurt van Le R\u00eave Proven\u00e7al te bezoeken. De meeste markten beginnen \u2018s morgens heel vroeg en zijn rond het middaguur over.<\/p>\n<p>[\/et_pb_text][\/et_pb_column][\/et_pb_row][et_pb_row column_structure=&#8221;1_2,1_2&#8243; _builder_version=&#8221;4.16&#8243; _module_preset=&#8221;default&#8221; global_colors_info=&#8221;{}&#8221;][et_pb_column type=&#8221;1_2&#8243; _builder_version=&#8221;4.16&#8243; _module_preset=&#8221;default&#8221; global_colors_info=&#8221;{}&#8221;][et_pb_text _builder_version=&#8221;4.21.0&#8243; _module_preset=&#8221;default&#8221; global_colors_info=&#8221;{}&#8221;]<\/p>\n<p><strong>Maandag<\/strong><br \/>Tulette (18 km) \/ B\u00e9doin (30 km)<\/p>\n<p><strong>Dinsdag<\/strong><br \/>Vaison-la-Romaine (10 km) \/ Grignan (32 km)<\/p>\n<p><strong>Woensdag<\/strong><br \/>Buis-les-Baronnies (23 km) \/ Valr\u00e9as (18 km)<\/p>\n<p><strong>Donderdag<\/strong><br \/>Nyons (8 km) \/ S\u00e9guret (donderdagavond van 17 tot 20 uur tot eind augustus, 19 km) \/ Isle-sur-la-Sorgue (56 km)\/ Orange<\/p>\n<p><strong>Vrijdag<\/strong><br \/>Pierrelatte (43 km) \/ Carpentras (36 km)<\/p>\n<p><strong>Zaterdag<\/strong><br \/>Grillon (29 km) \/ Vaison-la-Romaine (groente en fruit) \/ B\u00e9doin (boerenmarkt, zaterdagavond van begin april tot eind september) \/ Valr\u00e9as<\/p>\n<p><strong>Zondag<\/strong><br \/>Nyons van half mei tot half september (8 km) \/ Isle-sur-la-Sorgue (56 km) \/ Vaison-la-Romaine<\/p>\n<p>[\/et_pb_text][et_pb_text _builder_version=&#8221;4.16&#8243; _module_preset=&#8221;9607542c-8c92-4a0f-baff-f4f557e167a2&#8243; background_color=&#8221;#D8E9DD&#8221; transform_rotate=&#8221;0deg|0deg|3deg&#8221; global_colors_info=&#8221;{}&#8221;]<\/p>\n<p><strong>Tip<\/strong>: Ga in het hoogseizoen vroeg naar de wat grotere markten zoals die van Nyons en Vaison-la-Romaine.<\/p>\n<p>[\/et_pb_text][\/et_pb_column][et_pb_column type=&#8221;1_2&#8243; _builder_version=&#8221;4.16&#8243; _module_preset=&#8221;default&#8221; global_colors_info=&#8221;{}&#8221;][et_pb_text _builder_version=&#8221;4.16&#8243; _module_preset=&#8221;default&#8221; link_font=&#8221;|700|||||||&#8221; global_colors_info=&#8221;{}&#8221;]<\/p>\n<p><strong>Een bezoek aan een markt kan vaak prima gecombineerd worden met een ander uitstapje. Enkele idee\u00ebn:<\/strong><\/p>\n<p>In <a href=\"http:\/\/www.vaison-ventoux-tourisme.com\/\" target=\"_blank\" rel=\"noopener\">Vaison-la-Romaine<\/a>: bezoek de\u00a0 Romeinse ru\u00efnes, en de Romeinse brug en de oude, middeleeuwste stad.<\/p>\n<p>Meer te doen in <strong>Grignan<\/strong>: Bezoek van het <a href=\"https:\/\/www.chateaux-ladrome.fr\/fr\/chateau-de-grignan\" target=\"_blank\" rel=\"noopener\">kasteel van Grignan<\/a>, het grootste renaissance kasteel in zuidoost Frankrijk.<\/p>\n<p>Bezoek onderweg naar <strong>Buis-les-Baronnies<\/strong> de Chapelle Notre-Dame-de-Consolation in <strong>Pierrelongue<\/strong>, een op een 23 meter hoge rots gebouwde kerk.<\/p>\n<p><strong>Valr\u00e9as<\/strong> is een enclave van het departement Vaucluse in het departement de Dr\u00f4me. Onderweg naar Valr\u00e9as is het dorpje <strong>Vinsobres<\/strong> een bezoek meer dan waard.<\/p>\n<p>In <strong>Nyons<\/strong> is ontzettend veel te zien en te doen. Je kunt er eenvoudig een dag doorbrengen. Zo is er bijvoorbeeld een <a href=\"https:\/\/www.vignolis.fr\/en\/espace-vignolis\/musee\" target=\"_blank\" rel=\"noopener\">olijfmuseum<\/a> en de eerdergenoemde lavendeldistilleerderij. Verder zijn er veel leuke restaurantjes en de mooie Randonne toren.<\/p>\n<p><strong>Seguret<\/strong> heeft het label Plus beaux villages de france, die wordt toegekend aan de allermooiste dorpjes van Frankrijk.<\/p>\n<p>In <strong>Pierrelatte<\/strong> bevindt zich ook de <a href=\"https:\/\/www.lafermeauxcrocodiles.com\/\" target=\"_blank\" rel=\"noopener\">Ferme aux Crocodiles<\/a>, ofwel de krokodillenboerderij. Waar overigens niet alleen krokodillen, maar bijvoorbeeld ook vogels, vissen en slangen te zien zijn.<\/p>\n<p><strong>Grillon<\/strong> is een mooi Middeleeuws dorp.<\/p>\n<p>Een bezoek aan <strong>Isle-sur-la-Sorgue<\/strong> is erg leuk. Een bloem- en waterrijke plaats. In de nabijheid is <strong>Fontaine-de-Vaucluse<\/strong>, de bron en karstbron van de rivier de Vaucluse.<\/p>\n<p>[\/et_pb_text][\/et_pb_column][\/et_pb_row][et_pb_row _builder_version=&#8221;4.27.0&#8243; _module_preset=&#8221;default&#8221; column_structure=&#8221;1_5,1_5,1_5,1_5,1_5&#8243; use_custom_gutter=&#8221;on&#8221; gutter_width=&#8221;2&#8243; width=&#8221;100%&#8221; max_width=&#8221;90%&#8221; hover_enabled=&#8221;0&#8243; sticky_enabled=&#8221;0&#8243;][et_pb_column _builder_version=&#8221;4.27.0&#8243; _module_preset=&#8221;default&#8221; type=&#8221;1_5&#8243;][et_pb_image src=&#8221;https:\/\/reve-provencal.com\/wp-content\/uploads\/lavendel-markt-nyons.jpg&#8221; _builder_version=&#8221;4.27.0&#8243; _module_preset=&#8221;252e04d1-cf21-4179-b94d-b3a94039e31a&#8221; hover_enabled=&#8221;0&#8243; sticky_enabled=&#8221;0&#8243; alt=&#8221;Lavendel op de markt in Nyons&#8221; title_text=&#8221;Lavendel op de markt in Nyons&#8221; show_in_lightbox=&#8221;on&#8221;][\/et_pb_image][\/et_pb_column][et_pb_column _builder_version=&#8221;4.27.0&#8243; _module_preset=&#8221;default&#8221; type=&#8221;1_5&#8243;][et_pb_image src=&#8221;https:\/\/reve-provencal.com\/wp-content\/uploads\/rieten-manden-markt-nyons.jpg&#8221; _builder_version=&#8221;4.27.0&#8243; _module_preset=&#8221;252e04d1-cf21-4179-b94d-b3a94039e31a&#8221; hover_enabled=&#8221;0&#8243; sticky_enabled=&#8221;0&#8243; alt=&#8221;Rieten manden op de markt in Nyons&#8221; title_text=&#8221;Rieten manden op de markt in Nyons&#8221; show_in_lightbox=&#8221;on&#8221;][\/et_pb_image][\/et_pb_column][et_pb_column _builder_version=&#8221;4.27.0&#8243; _module_preset=&#8221;default&#8221; type=&#8221;1_5&#8243;][et_pb_image src=&#8221;https:\/\/reve-provencal.com\/wp-content\/uploads\/thee-en-kruiden-markt-nyons.jpg&#8221; _builder_version=&#8221;4.27.0&#8243; _module_preset=&#8221;252e04d1-cf21-4179-b94d-b3a94039e31a&#8221; hover_enabled=&#8221;0&#8243; sticky_enabled=&#8221;0&#8243; alt=&#8221;Thee en kruiden op de markt in Nyons&#8221; title_text=&#8221;Thee en kruiden op de markt in Nyons&#8221; show_in_lightbox=&#8221;on&#8221;][\/et_pb_image][\/et_pb_column][et_pb_column _builder_version=&#8221;4.27.0&#8243; _module_preset=&#8221;default&#8221; type=&#8221;1_5&#8243;][et_pb_image src=&#8221;https:\/\/reve-provencal.com\/wp-content\/uploads\/kinderslofjes-markt-nyons.jpg&#8221; _builder_version=&#8221;4.27.0&#8243; _module_preset=&#8221;252e04d1-cf21-4179-b94d-b3a94039e31a&#8221; hover_enabled=&#8221;0&#8243; sticky_enabled=&#8221;0&#8243; alt=&#8221;Kinderslofjes op de markt in Nyons&#8221; title_text=&#8221;Kinderslofjes op de markt in Nyons&#8221; show_in_lightbox=&#8221;on&#8221;][\/et_pb_image][\/et_pb_column][et_pb_column _builder_version=&#8221;4.27.0&#8243; _module_preset=&#8221;default&#8221; type=&#8221;1_5&#8243;][et_pb_image src=&#8221;https:\/\/reve-provencal.com\/wp-content\/uploads\/vis-markt-nyons.jpg&#8221; _builder_version=&#8221;4.27.0&#8243; _module_preset=&#8221;252e04d1-cf21-4179-b94d-b3a94039e31a&#8221; hover_enabled=&#8221;0&#8243; sticky_enabled=&#8221;0&#8243; alt=&#8221;Vis op de markt in Nyons&#8221; title_text=&#8221;Vis op de markt in Nyons&#8221; show_in_lightbox=&#8221;on&#8221;][\/et_pb_image][\/et_pb_column][\/et_pb_row][\/et_pb_section][et_pb_section fb_built=&#8221;1&#8243; custom_padding_last_edited=&#8221;on|phone&#8221; _builder_version=&#8221;4.16&#8243; _module_preset=&#8221;default&#8221; background_color=&#8221;#F3F7F4&#8243; custom_padding=&#8221;3em||||false|false&#8221; custom_padding_tablet=&#8221;2em||||false|false&#8221; custom_padding_phone=&#8221;1em||1em||true|false&#8221; global_colors_info=&#8221;{}&#8221;][et_pb_row column_structure=&#8221;1_2,1_2&#8243; _builder_version=&#8221;4.16&#8243; _module_preset=&#8221;default&#8221; custom_padding=&#8221;0px||||false|false&#8221; global_colors_info=&#8221;{}&#8221;][et_pb_column type=&#8221;1_2&#8243; _builder_version=&#8221;4.16&#8243; _module_preset=&#8221;default&#8221; global_colors_info=&#8221;{}&#8221;][et_pb_text _builder_version=&#8221;4.16&#8243; _module_preset=&#8221;default&#8221; header_2_text_align=&#8221;center&#8221; global_colors_info=&#8221;{}&#8221;]<\/p>\n<h2>Wat gasten schreven<\/h2>\n<div class=\"strong-view strong-view-id-7 default wpmtst-default\" data-count=\"1\"><div class=\"strong-content strong-normal columns-1\"><div class=\"wpmtst-testimonial testimonial post-1863\"><div class=\"wpmtst-testimonial-inner testimonial-inner\"><h3 class=\"wpmtst-testimonial-heading testimonial-heading\">Fantastisch verblijf!<\/h3><div    class=\"wpmtst-testimonial-content testimonial-content\"><div class=\"maybe-clear\"><\/div><p>Een heerlijke plek om te vertoeven! De g\u00eete is eenvoudig maar smaakvol ingericht, er is veel licht, heerlijke bedden en alle comfort is aanwezig. Het is zalig relaxen aan het fijne zwembad, genieten van ap\u00e9ro op het terras en koken op de plancha. De g\u00eete is zeer rustig gelegen maar een perfecte uitvalsbasis voor het verkennen van de streek! Het is een zeer mooie streek! Wij hebben ten volle genoten!<br \/>\nTip: volg zeker Margriet\u2019s blog met alle tips over uitstapjes in de omgeving.<\/p><\/div><div class=\"wpmtst-testimonial-field testimonial-field testimonial-name\">De Cuyper Ann-Sophie<\/div><div class=\"clear\"><\/div><\/div><\/div><\/div><\/div>\n<div class=\"strong-view strong-view-id-8 default wpmtst-default\" data-count=\"1\"><div class=\"strong-content strong-normal columns-1\"><div class=\"wpmtst-testimonial testimonial post-2173\"><div class=\"wpmtst-testimonial-inner testimonial-inner\"><h3 class=\"wpmtst-testimonial-heading testimonial-heading\">Het echte Franse genieten vind je hier!<\/h3><div    class=\"wpmtst-testimonial-content testimonial-content\"><div class=\"maybe-clear\"><\/div><p>We hebben een heerlijke week gehad. Volop genoten van het heerlijke priv\u00e9zwembad en de grote tuin met diverse zitjes. Je kunt altijd kiezen tussen zon of schaduw. Een volledige inventaris is aanwezig. Je grijpt niet mis. Volop wandelmogelijkheden in de omgeving en veel authentieke dorpjes. Wij hebben niet gefietst, maar dat kan ook heel goed. Het is een topper!<\/p><\/div><div class=\"wpmtst-testimonial-field testimonial-field testimonial-name\">Herman en Miny<\/div><div class=\"clear\"><\/div><\/div><\/div><\/div><\/div>\n<p>[\/et_pb_text][\/et_pb_column][et_pb_column type=\"1_2\" _builder_version=\"4.16\" _module_preset=\"default\" global_colors_info=\"{}\"][et_pb_blurb title=\"Laat je inspireren!\" image=\"https:\/\/reve-provencal.com\/wp-content\/uploads\/zicht-over-wijnvelden-richting-de-mont-ventoux.jpg\" alt=\"Zicht over wijnvelden richting de Mont Ventoux\" _builder_version=\"4.9.7\" _module_preset=\"default\" header_font_size=\"28px\" background_color=\"#FFFFFF\" transform_rotate=\"0deg|0deg|2deg\" custom_padding=\"1em|1em|1em|1em|true|true\" border_radii=\"on|4px|4px|4px|4px\" border_radii_image=\"on|4px|4px|4px|4px\" box_shadow_style_image=\"preset2\" box_shadow_color_image=\"#CDE2D3\" global_module=\"2358\" global_colors_info=\"{}\"]<\/p>\n<p>Denk je erover om in de Provence op vakantie te gaan? Laat ons je dan inspireren. We schrijven over pittoreske dorpjes, restaurants waar je heerlijk kunt eten, verrassende activiteiten, de meest verfrissende plekjes om af te koelen en heerlijke streekproducten.<\/p>\n<p>De nieuwsbrief wordt maandelijks verzonden en je kunt je altijd weer uitschrijven.<\/p>\n<p>Schrijf je nu in.<br \/>\n<!-- Laposta 1.1 --><\/p>\n<p><script type=\"text\/javascript\">\nvar Laposta = {};\nLaposta.width = '100%';\n<\/script><\/p>\n<p><script type=\"text\/javascript\" src=\"https:\/\/buro-rader.email-provider.nl\/a\/gxgrbyc0lh\/l\/rbehbdrhv1\/subscribe.js\"><\/script><\/p>\n<p><!-- \/Laposta --><\/p>\n<p>[\/et_pb_blurb][\/et_pb_column][\/et_pb_row][\/et_pb_section][et_pb_section fb_built=\"1\" custom_padding_last_edited=\"on|phone\" _builder_version=\"4.16\" _module_preset=\"default\" background_color=\"RGBA(0,0,0,0)\" custom_padding=\"4em||4em||true|false\" custom_padding_tablet=\"\" custom_padding_phone=\"2em||0em||false|false\" global_colors_info=\"{}\"][et_pb_row _builder_version=\"4.16\" _module_preset=\"default\" custom_padding=\"0px||0px||true|false\" global_colors_info=\"{}\"][et_pb_column type=\"4_4\" _builder_version=\"4.16\" _module_preset=\"default\" global_colors_info=\"{}\"][et_pb_gallery gallery_ids=\"491,482,485,488,506,509,512,503,494,497,500,457,460,463,472,475,478,454,466,469\" posts_number=\"100\" show_title_and_caption=\"off\" show_pagination=\"off\" _builder_version=\"4.16\" _module_preset=\"default\" border_radii_image=\"on|4px|4px|4px|4px\" global_colors_info=\"{}\"][\/et_pb_gallery][\/et_pb_column][\/et_pb_row][\/et_pb_section][et_pb_section fb_built=\"1\" _builder_version=\"4.16\" _module_preset=\"default\" background_color=\"#F3F7F4\" global_colors_info=\"{}\"][et_pb_row _builder_version=\"4.16\" _module_preset=\"default\" custom_padding=\"0px||0px||true|false\" global_colors_info=\"{}\"][et_pb_column type=\"4_4\" _builder_version=\"4.16\" _module_preset=\"default\" global_colors_info=\"{}\"][et_pb_text _builder_version=\"4.16\" _module_preset=\"default\" link_font=\"|700|||||||\" header_2_font_size=\"44px\" global_colors_info=\"{}\"]<\/p>\n<h2>Zin gekregen in vakantie?<\/h2>\n<p>Bekijk dan nu onze <a href=\"https:\/\/reve-provencal.com\/nl\/prijzen-en-beschikbaarheid\/#beschikbaarheid\">beschikbaarheid<\/a> of stuur een <a href=\"https:\/\/reve-provencal.com\/nl\/prijzen-en-beschikbaarheid\/#reserveringsaanvraag\">reserveringsaanvraag<\/a>.<\/p>\n<p>[\/et_pb_text][\/et_pb_column][\/et_pb_row][\/et_pb_section]<\/p>\n","protected":false},"excerpt":{"rendered":"<p>In de omgeving van Le R\u00eave Proven\u00e7alEr is genoeg te doen in de omgeving van Le R\u00eave Proven\u00e7al. Of je nu van wandelen, fietsen, nietsdoen, kastelen of proven\u00e7aalse markten houdt.Lavendel Wie aan de Provence denkt, denkt vanzelfsprekend direct aan lavendel. De lavendelvelden staan van ongeveer half juni tot half juli in bloei. Bijgaand kaartje van [&hellip;]<\/p>\n","protected":false},"author":1,"featured_media":0,"parent":0,"menu_order":0,"comment_status":"closed","ping_status":"closed","template":"","meta":{"_et_pb_use_builder":"on","_et_pb_old_content":"","_et_gb_content_width":"","footnotes":""},"class_list":["post-380","page","type-page","status-publish","hentry"],"_links":{"self":[{"href":"https:\/\/reve-provencal.com\/nl\/wp-json\/wp\/v2\/pages\/380","targetHints":{"allow":["GET"]}}],"collection":[{"href":"https:\/\/reve-provencal.com\/nl\/wp-json\/wp\/v2\/pages"}],"about":[{"href":"https:\/\/reve-provencal.com\/nl\/wp-json\/wp\/v2\/types\/page"}],"author":[{"embeddable":true,"href":"https:\/\/reve-provencal.com\/nl\/wp-json\/wp\/v2\/users\/1"}],"replies":[{"embeddable":true,"href":"https:\/\/reve-provencal.com\/nl\/wp-json\/wp\/v2\/comments?post=380"}],"version-history":[{"count":76,"href":"https:\/\/reve-provencal.com\/nl\/wp-json\/wp\/v2\/pages\/380\/revisions"}],"predecessor-version":[{"id":4249,"href":"https:\/\/reve-provencal.com\/nl\/wp-json\/wp\/v2\/pages\/380\/revisions\/4249"}],"wp:attachment":[{"href":"https:\/\/reve-provencal.com\/nl\/wp-json\/wp\/v2\/media?parent=380"}],"curies":[{"name":"wp","href":"https:\/\/api.w.org\/{rel}","templated":true}]}}