{"id":614,"date":"2021-06-23T14:28:10","date_gmt":"2021-06-23T14:28:10","guid":{"rendered":"https:\/\/reve-provencal.com\/?page_id=614"},"modified":"2025-01-29T15:57:21","modified_gmt":"2025-01-29T15:57:21","slug":"maison-de-vacances-avec-piscine-privee-en-provence","status":"publish","type":"page","link":"https:\/\/reve-provencal.com\/fr\/","title":{"rendered":"Maison de vacances avec piscine priv\u00e9e en Provence"},"content":{"rendered":"<p>[et_pb_section fb_built=\u00a0\u00bb1&Prime; admin_label=\u00a0\u00bbSeasonal Collection\u00a0\u00bb _builder_version=\u00a0\u00bb4.16&Prime; background_color=\u00a0\u00bb#264059&Prime; use_background_color_gradient=\u00a0\u00bbon\u00a0\u00bb background_color_gradient_direction=\u00a0\u00bb90deg\u00a0\u00bb background_color_gradient_stops=\u00a0\u00bb#7a9b84 17%|rgba(38,64,89,0) 77%\u00a0\u00bb background_color_gradient_overlays_image=\u00a0\u00bbon\u00a0\u00bb background_color_gradient_start=\u00a0\u00bb#7a9b84&Prime; background_color_gradient_start_position=\u00a0\u00bb17%\u00a0\u00bb background_color_gradient_end=\u00a0\u00bbrgba(38,64,89,0)\u00a0\u00bb background_color_gradient_end_position=\u00a0\u00bb77%\u00a0\u00bb background_image=\u00a0\u00bbhttps:\/\/reve-provencal.com\/wp-content\/uploads\/2021\/06\/vakantiehuis-met-prive-zwembad-in-de-provence.jpg\u00a0\u00bb custom_margin=\u00a0\u00bb|||\u00a0\u00bb custom_padding=\u00a0\u00bb10%|0px|10%|0px\u00a0\u00bb global_colors_info=\u00a0\u00bb{}\u00a0\u00bb][et_pb_row custom_padding_last_edited=\u00a0\u00bboff|desktop\u00a0\u00bb admin_label=\u00a0\u00bbHero Area\u00a0\u00bb _builder_version=\u00a0\u00bb4.16&Prime; custom_padding=\u00a0\u00bb27px|0px|0px|0px\u00a0\u00bb global_colors_info=\u00a0\u00bb{}\u00a0\u00bb][et_pb_column type=\u00a0\u00bb4_4&Prime; _builder_version=\u00a0\u00bb4.16&Prime; custom_padding=\u00a0\u00bb|||\u00a0\u00bb global_colors_info=\u00a0\u00bb{}\u00a0\u00bb custom_padding__hover=\u00a0\u00bb|||\u00a0\u00bb][et_pb_text admin_label=\u00a0\u00bbHero Title\u00a0\u00bb _builder_version=\u00a0\u00bb4.16&Prime; text_font=\u00a0\u00bbPlayfair Display||||||||\u00a0\u00bb header_font=\u00a0\u00bb||||||||\u00a0\u00bb header_font_size=\u00a0\u00bb110px\u00a0\u00bb header_letter_spacing=\u00a0\u00bb-3px\u00a0\u00bb header_line_height=\u00a0\u00bb1.1em\u00a0\u00bb background_layout=\u00a0\u00bbdark\u00a0\u00bb custom_margin=\u00a0\u00bb||3em||false|false\u00a0\u00bb animation_direction=\u00a0\u00bbleft\u00a0\u00bb text_font_size_last_edited=\u00a0\u00bboff|desktop\u00a0\u00bb header_font_size_tablet=\u00a0\u00bb\u00a0\u00bb header_font_size_phone=\u00a0\u00bb60px\u00a0\u00bb header_font_size_last_edited=\u00a0\u00bbon|phone\u00a0\u00bb global_colors_info=\u00a0\u00bb{}\u00a0\u00bb]<\/p>\n<h1>Le R\u00eave Proven\u00e7al<\/h1>\n<p>[\/et_pb_text][et_pb_text _builder_version=\u00a0\u00bb4.16&Prime; text_font=\u00a0\u00bb||||||||\u00a0\u00bb text_font_size=\u00a0\u00bb26px\u00a0\u00bb text_line_height=\u00a0\u00bb1.3em\u00a0\u00bb header_font=\u00a0\u00bb||||||||\u00a0\u00bb background_layout=\u00a0\u00bbdark\u00a0\u00bb custom_margin=\u00a0\u00bb|||\u00a0\u00bb custom_padding=\u00a0\u00bb||10px|\u00a0\u00bb animation_direction=\u00a0\u00bbleft\u00a0\u00bb text_font_size_tablet=\u00a0\u00bb\u00a0\u00bb text_font_size_phone=\u00a0\u00bb24px\u00a0\u00bb text_font_size_last_edited=\u00a0\u00bbon|phone\u00a0\u00bb text_line_height_tablet=\u00a0\u00bb\u00a0\u00bb text_line_height_phone=\u00a0\u00bb\u00a0\u00bb text_line_height_last_edited=\u00a0\u00bbon|phone\u00a0\u00bb global_colors_info=\u00a0\u00bb{}\u00a0\u00bb]<\/p>\n<p>Maison de vacances avec piscine priv\u00e9e en Provence<\/p>\n<p>[\/et_pb_text][\/et_pb_column][\/et_pb_row][\/et_pb_section][et_pb_section fb_built=\u00a0\u00bb1&Prime; admin_label=\u00a0\u00bbOur Specialties Section\u00a0\u00bb _builder_version=\u00a0\u00bb4.16&Prime; custom_padding=\u00a0\u00bb2em||2em||true|false\u00a0\u00bb global_colors_info=\u00a0\u00bb{}\u00a0\u00bb][et_pb_row custom_padding_last_edited=\u00a0\u00bbon|phone\u00a0\u00bb admin_label=\u00a0\u00bbTitle Area\u00a0\u00bb _builder_version=\u00a0\u00bb4.16&Prime; custom_padding=\u00a0\u00bb||0px||false|false\u00a0\u00bb custom_padding_tablet=\u00a0\u00bb\u00a0\u00bb custom_padding_phone=\u00a0\u00bb0px||0px||true|false\u00a0\u00bb global_colors_info=\u00a0\u00bb{}\u00a0\u00bb][et_pb_column type=\u00a0\u00bb4_4&Prime; _builder_version=\u00a0\u00bb4.16&Prime; custom_padding=\u00a0\u00bb|||\u00a0\u00bb global_colors_info=\u00a0\u00bb{}\u00a0\u00bb custom_padding__hover=\u00a0\u00bb|||\u00a0\u00bb][et_pb_text admin_label=\u00a0\u00bbTitle\u00a0\u00bb _builder_version=\u00a0\u00bb4.16&Prime; text_font=\u00a0\u00bb||||||||\u00a0\u00bb header_font=\u00a0\u00bb||||||||\u00a0\u00bb header_2_font=\u00a0\u00bb||||||||\u00a0\u00bb header_2_text_align=\u00a0\u00bbcenter\u00a0\u00bb header_2_font_size=\u00a0\u00bb42px\u00a0\u00bb header_2_line_height=\u00a0\u00bb1.3em\u00a0\u00bb custom_margin=\u00a0\u00bb||20px|\u00a0\u00bb animation_style=\u00a0\u00bbslide\u00a0\u00bb animation_direction=\u00a0\u00bbtop\u00a0\u00bb animation_intensity_slide=\u00a0\u00bb30%\u00a0\u00bb animation_starting_opacity=\u00a0\u00bb100%\u00a0\u00bb header_2_font_size_tablet=\u00a0\u00bb\u00a0\u00bb header_2_font_size_phone=\u00a0\u00bb38px\u00a0\u00bb header_2_font_size_last_edited=\u00a0\u00bbon|phone\u00a0\u00bb global_colors_info=\u00a0\u00bb{}\u00a0\u00bb]<\/p>\n<h2>G\u00eete avec piscine priv\u00e9e<\/h2>\n<p>[\/et_pb_text][et_pb_divider color=\u00a0\u00bb#8875BB\u00a0\u00bb divider_weight=\u00a0\u00bb3px\u00a0\u00bb _builder_version=\u00a0\u00bb4.16&Prime; max_width=\u00a0\u00bb50px\u00a0\u00bb module_alignment=\u00a0\u00bbcenter\u00a0\u00bb custom_margin=\u00a0\u00bb||10px|\u00a0\u00bb animation_style=\u00a0\u00bbslide\u00a0\u00bb animation_direction=\u00a0\u00bbtop\u00a0\u00bb animation_intensity_slide=\u00a0\u00bb30%\u00a0\u00bb animation_starting_opacity=\u00a0\u00bb100%\u00a0\u00bb global_colors_info=\u00a0\u00bb{}\u00a0\u00bb][\/et_pb_divider][et_pb_text admin_label=\u00a0\u00bbSubtitle\u00a0\u00bb _builder_version=\u00a0\u00bb4.18.0&Prime; text_font=\u00a0\u00bb||||||||\u00a0\u00bb text_line_height=\u00a0\u00bb1.8em\u00a0\u00bb text_orientation=\u00a0\u00bbcenter\u00a0\u00bb max_width=\u00a0\u00bb700px\u00a0\u00bb module_alignment=\u00a0\u00bbcenter\u00a0\u00bb animation_direction=\u00a0\u00bbtop\u00a0\u00bb global_colors_info=\u00a0\u00bb{}\u00a0\u00bb]<\/p>\n<p>G\u00eete compl\u00e8tement \u00e9quip\u00e9 pour un maximum de 4 personnes comprenant 2 chambres, un grand s\u00e9jour avec cuisine am\u00e9ricaine et une salle d&rsquo;eau. Avec non seulement une terrasse priv\u00e9e, mais aussi une piscine priv\u00e9e. Et tout cela entour\u00e9 d&rsquo;un joli jardin.<\/p>\n<p>Id\u00e9alement situ\u00e9. Merveilleusement calme, presque au bout d&rsquo;un chemin de campagne, \u00e0 seulement 800 m\u00e8tres du centre de Mirabel-aux-Baronnies.<\/p>\n<p>[\/et_pb_text][\/et_pb_column][\/et_pb_row][et_pb_row column_structure=\u00a0\u00bb1_3,1_3,1_3&Prime; custom_padding_last_edited=\u00a0\u00bbon|phone\u00a0\u00bb admin_label=\u00a0\u00bbOur Specialties\u00a0\u00bb _builder_version=\u00a0\u00bb4.16&Prime; custom_margin=\u00a0\u00bb40px|||\u00a0\u00bb custom_padding=\u00a0\u00bb||||false|false\u00a0\u00bb custom_padding_tablet=\u00a0\u00bb\u00a0\u00bb custom_padding_phone=\u00a0\u00bb0px||0px||true|false\u00a0\u00bb global_colors_info=\u00a0\u00bb{}\u00a0\u00bb][et_pb_column type=\u00a0\u00bb1_3&Prime; _builder_version=\u00a0\u00bb4.16&Prime; custom_padding=\u00a0\u00bb|||\u00a0\u00bb global_colors_info=\u00a0\u00bb{}\u00a0\u00bb custom_padding__hover=\u00a0\u00bb|||\u00a0\u00bb][et_pb_image src=\u00a0\u00bbhttps:\/\/reve-provencal.com\/wp-content\/uploads\/2021\/06\/gite-met-prive-zwembad-in-de-provence-1.jpg\u00a0\u00bb alt=\u00a0\u00bbG\u00eete avec piscine priv\u00e9e en Provence\u00a0\u00bb title_text=\u00a0\u00bbG\u00eete avec piscine priv\u00e9e en Provence\u00a0\u00bb show_in_lightbox=\u00a0\u00bbon\u00a0\u00bb _builder_version=\u00a0\u00bb4.16&Prime; _module_preset=\u00a0\u00bb252e04d1-cf21-4179-b94d-b3a94039e31a\u00a0\u00bb global_colors_info=\u00a0\u00bb{}\u00a0\u00bb][\/et_pb_image][et_pb_text _builder_version=\u00a0\u00bb4.16&Prime; text_font=\u00a0\u00bb||||||||\u00a0\u00bb text_line_height=\u00a0\u00bb1.8em\u00a0\u00bb header_font=\u00a0\u00bb||||||||\u00a0\u00bb header_3_font=\u00a0\u00bb||||||||\u00a0\u00bb header_3_font_size=\u00a0\u00bb24px\u00a0\u00bb header_3_line_height=\u00a0\u00bb1.5em\u00a0\u00bb custom_margin=\u00a0\u00bb40px||10px|\u00a0\u00bb custom_padding=\u00a0\u00bb|||\u00a0\u00bb global_colors_info=\u00a0\u00bb{}\u00a0\u00bb]<\/p>\n<h3>Piscine priv\u00e9e<\/h3>\n<p>Profitez de la belle piscine pendant les mois d&rsquo;\u00e9t\u00e9. Il y a aussi une plancha et un four \u00e0 pizza au feu de bois. <\/p>\n<p>[\/et_pb_text][\/et_pb_column][et_pb_column type=\u00a0\u00bb1_3&Prime; _builder_version=\u00a0\u00bb4.16&Prime; custom_padding=\u00a0\u00bb|||\u00a0\u00bb global_colors_info=\u00a0\u00bb{}\u00a0\u00bb custom_padding__hover=\u00a0\u00bb|||\u00a0\u00bb][et_pb_image src=\u00a0\u00bbhttps:\/\/reve-provencal.com\/wp-content\/uploads\/2021\/06\/woongedeelte.jpg\u00a0\u00bb alt=\u00a0\u00bbPi\u00e8ce \u00e0 vivre\u00a0\u00bb title_text=\u00a0\u00bbPi\u00e8ce \u00e0 vivre\u00a0\u00bb show_in_lightbox=\u00a0\u00bbon\u00a0\u00bb _builder_version=\u00a0\u00bb4.16&Prime; _module_preset=\u00a0\u00bb252e04d1-cf21-4179-b94d-b3a94039e31a\u00a0\u00bb global_colors_info=\u00a0\u00bb{}\u00a0\u00bb][\/et_pb_image][et_pb_text _builder_version=\u00a0\u00bb4.16&Prime; text_font=\u00a0\u00bb||||||||\u00a0\u00bb text_line_height=\u00a0\u00bb1.8em\u00a0\u00bb header_font=\u00a0\u00bb||||||||\u00a0\u00bb header_3_font=\u00a0\u00bb||||||||\u00a0\u00bb header_3_font_size=\u00a0\u00bb24px\u00a0\u00bb header_3_line_height=\u00a0\u00bb1.5em\u00a0\u00bb custom_margin=\u00a0\u00bb40px||10px|\u00a0\u00bb custom_padding=\u00a0\u00bb|||\u00a0\u00bb global_colors_info=\u00a0\u00bb{}\u00a0\u00bb]<\/p>\n<h3>G\u00eete avec 2 chambres<\/h3>\n<p>G\u00eete tout \u00e9quip\u00e9 avec 2 chambres, un grand s\u00e9jour avec cuisine am\u00e9ricaine, une salle d\u2019eau et une jolie terrasse privative.<\/p>\n<p>[\/et_pb_text][\/et_pb_column][et_pb_column type=\u00a0\u00bb1_3&Prime; _builder_version=\u00a0\u00bb4.16&Prime; custom_padding=\u00a0\u00bb|||\u00a0\u00bb global_colors_info=\u00a0\u00bb{}\u00a0\u00bb custom_padding__hover=\u00a0\u00bb|||\u00a0\u00bb][et_pb_image src=\u00a0\u00bbhttps:\/\/reve-provencal.com\/wp-content\/uploads\/2021\/06\/uitzicht-op-tuin-vanaf-zwembad.jpg\u00a0\u00bb alt=\u00a0\u00bbVue sur le jardin depuis la piscine\u00a0\u00bb title_text=\u00a0\u00bbVue sur le jardin depuis la piscine\u00a0\u00bb show_in_lightbox=\u00a0\u00bbon\u00a0\u00bb _builder_version=\u00a0\u00bb4.16&Prime; _module_preset=\u00a0\u00bb252e04d1-cf21-4179-b94d-b3a94039e31a\u00a0\u00bb global_colors_info=\u00a0\u00bb{}\u00a0\u00bb][\/et_pb_image][et_pb_text _builder_version=\u00a0\u00bb4.16&Prime; text_font=\u00a0\u00bb||||||||\u00a0\u00bb text_line_height=\u00a0\u00bb1.8em\u00a0\u00bb header_font=\u00a0\u00bb||||||||\u00a0\u00bb header_3_font=\u00a0\u00bb||||||||\u00a0\u00bb header_3_font_size=\u00a0\u00bb24px\u00a0\u00bb header_3_line_height=\u00a0\u00bb1.5em\u00a0\u00bb custom_margin=\u00a0\u00bb40px||10px|\u00a0\u00bb custom_padding=\u00a0\u00bb|||\u00a0\u00bb global_colors_info=\u00a0\u00bb{}\u00a0\u00bb]<\/p>\n<h3>Agr\u00e9able jardin<\/h3>\n<p>Un grand jardin avec des arbres fruitiers et des oliviers et des coins salons ombrag\u00e9s.<\/p>\n<p>[\/et_pb_text][\/et_pb_column][\/et_pb_row][\/et_pb_section][et_pb_section fb_built=\u00a0\u00bb1&Prime; admin_label=\u00a0\u00bbCustom Bouquets Section\u00a0\u00bb _builder_version=\u00a0\u00bb4.16&Prime; background_color=\u00a0\u00bb#F3F7F4&Prime; custom_padding=\u00a0\u00bb2em||2em||true|false\u00a0\u00bb global_colors_info=\u00a0\u00bb{}\u00a0\u00bb][et_pb_row column_structure=\u00a0\u00bb3_5,2_5&Prime; admin_label=\u00a0\u00bbTitle Area\u00a0\u00bb _builder_version=\u00a0\u00bb4.16&Prime; custom_padding=\u00a0\u00bb0px||0px||true|false\u00a0\u00bb global_colors_info=\u00a0\u00bb{}\u00a0\u00bb][et_pb_column type=\u00a0\u00bb3_5&Prime; _builder_version=\u00a0\u00bb4.16&Prime; custom_padding=\u00a0\u00bb|||\u00a0\u00bb global_colors_info=\u00a0\u00bb{}\u00a0\u00bb custom_padding__hover=\u00a0\u00bb|||\u00a0\u00bb][et_pb_text admin_label=\u00a0\u00bbTitle\u00a0\u00bb _builder_version=\u00a0\u00bb4.16&Prime; text_font=\u00a0\u00bb||||||||\u00a0\u00bb header_font=\u00a0\u00bb||||||||\u00a0\u00bb header_2_font=\u00a0\u00bb||||||||\u00a0\u00bb header_2_font_size=\u00a0\u00bb42px\u00a0\u00bb header_2_line_height=\u00a0\u00bb1.3em\u00a0\u00bb custom_margin=\u00a0\u00bb||20px|\u00a0\u00bb animation_style=\u00a0\u00bbslide\u00a0\u00bb animation_direction=\u00a0\u00bbtop\u00a0\u00bb animation_intensity_slide=\u00a0\u00bb30%\u00a0\u00bb animation_starting_opacity=\u00a0\u00bb100%\u00a0\u00bb header_2_font_size_tablet=\u00a0\u00bb\u00a0\u00bb header_2_font_size_phone=\u00a0\u00bb38px\u00a0\u00bb header_2_font_size_last_edited=\u00a0\u00bbon|phone\u00a0\u00bb global_colors_info=\u00a0\u00bb{}\u00a0\u00bb]<\/p>\n<h2>Mirabel-aux-Baronnies<\/h2>\n<p>[\/et_pb_text][et_pb_divider color=\u00a0\u00bb#8875BB\u00a0\u00bb divider_weight=\u00a0\u00bb3px\u00a0\u00bb _builder_version=\u00a0\u00bb4.16&Prime; max_width=\u00a0\u00bb50px\u00a0\u00bb custom_margin=\u00a0\u00bb||10px|\u00a0\u00bb animation_style=\u00a0\u00bbslide\u00a0\u00bb animation_direction=\u00a0\u00bbtop\u00a0\u00bb animation_intensity_slide=\u00a0\u00bb30%\u00a0\u00bb animation_starting_opacity=\u00a0\u00bb100%\u00a0\u00bb global_colors_info=\u00a0\u00bb{}\u00a0\u00bb][\/et_pb_divider][et_pb_text admin_label=\u00a0\u00bbSubtitle\u00a0\u00bb _builder_version=\u00a0\u00bb4.16&Prime; text_font=\u00a0\u00bb||||||||\u00a0\u00bb text_line_height=\u00a0\u00bb1.8em\u00a0\u00bb link_font=\u00a0\u00bb|700|||||||\u00a0\u00bb module_alignment=\u00a0\u00bbleft\u00a0\u00bb animation_direction=\u00a0\u00bbtop\u00a0\u00bb global_colors_info=\u00a0\u00bb{}\u00a0\u00bb]<\/p>\n<p><a href=\"https:\/\/nl.wikipedia.org\/wiki\/Mirabel-aux-Baronnies\" target=\"_blank\" rel=\"noopener\">Mirabel-aux-Baronnies<\/a> est situ\u00e9e au sud de la Dr\u00f4me Proven\u00e7ale entre les villes anim\u00e9es de <a href=\"https:\/\/nl.wikipedia.org\/wiki\/Nyons\" target=\"_blank\" rel=\"noopener\">Nyons<\/a> et de <a href=\"https:\/\/nl.wikipedia.org\/wiki\/Vaison-la-Romaine\" target=\"_blank\" rel=\"noopener\">Vaison-la-Romaine<\/a>. La r\u00e9gion est connue pour son climat doux.<\/p>\n<p>Le village pittoresque est entour\u00e9 de vignes et d&rsquo;oliviers. Dans le village, vous trouverez une boulangerie, un supermarch\u00e9, une boucherie, une pharmacie, un pub et un caf\u00e9-restaurant.<\/p>\n<h2>Aux alentours<\/h2>\n<p>Aux <a href=\"https:\/\/reve-provencal.com\/fr\/alentours\/\">alentours<\/a> il y a beaucoup \u00e0 voir et \u00e0 faire : les villages pittoresques, la belle nature ou si vous avez seulement envie de profiter des terrasses ombrag\u00e9es. Pour les cyclistes ; le Mont Ventoux et les nombreux cols de la Dr\u00f4me sont accessibles \u00e0 v\u00e9lo. Il y a aussi beaucoup de possibilit\u00e9s pour les marcheurs. Et de mi-juin \u00e0 mi-juillet, le paysage vire au violet \u00e0 cause des champs de lavande en fleurs.<\/p>\n<p>[\/et_pb_text][\/et_pb_column][et_pb_column type=\u00a0\u00bb2_5&Prime; _builder_version=\u00a0\u00bb4.16&Prime; custom_padding=\u00a0\u00bb|||\u00a0\u00bb global_colors_info=\u00a0\u00bb{}\u00a0\u00bb custom_padding__hover=\u00a0\u00bb|||\u00a0\u00bb][et_pb_blurb title=\u00a0\u00bbLaissez-vous inspirer !\u00a0\u00bb image=\u00a0\u00bbhttps:\/\/reve-provencal.com\/wp-content\/uploads\/zicht-over-wijnvelden-richting-de-mont-ventoux.jpg\u00a0\u00bb alt=\u00a0\u00bbVue sur les vignes vers le Mont Ventoux\u00a0\u00bb _builder_version=\u00a0\u00bb4.16&Prime; _module_preset=\u00a0\u00bbdefault\u00a0\u00bb header_font_size=\u00a0\u00bb28px\u00a0\u00bb background_color=\u00a0\u00bb#FFFFFF\u00a0\u00bb transform_rotate=\u00a0\u00bb0deg|0deg|2deg\u00a0\u00bb custom_padding=\u00a0\u00bb1em|1em|1em|1em|true|true\u00a0\u00bb border_radii=\u00a0\u00bbon|4px|4px|4px|4px\u00a0\u00bb border_radii_image=\u00a0\u00bbon|4px|4px|4px|4px\u00a0\u00bb box_shadow_style_image=\u00a0\u00bbpreset2&Prime; box_shadow_color_image=\u00a0\u00bb#CDE2D3&Prime; global_colors_info=\u00a0\u00bb{}\u00a0\u00bb]<\/p>\n<p>Vous envisagez de partir en vacances en Provence ? Alors laissez-nous vous inspirer. Nous \u00e9crivons sur des villages pittoresques, des restaurants o\u00f9 vous pouvez manger d\u00e9licieux, des activit\u00e9s surprenantes, les endroits les plus rafra\u00eechissant pour se rafra\u00eechir et de bon produits r\u00e9gionaux.<\/p>\n<p>La newsletter est envoy\u00e9e mensuellement et vous pouvez vous d\u00e9sinscrire \u00e0 tout moment.<\/p>\n<p>Inscrivez-vous maintenant.<br \/><!-- Laposta 1.1 --><\/p>\n<p>\n<script type=\"text\/javascript\">\nvar Laposta = {};\nLaposta.width = '100%';\n<\/script>\n<\/p>\n<p>\n<script type=\"text\/javascript\" src=\"https:\/\/buro-rader.email-provider.nl\/a\/gxgrbyc0lh\/l\/5ipjxgjyei\/subscribe.js\"><\/script>\n<\/p>\n<p><!-- \/Laposta --><\/p>\n<p>[\/et_pb_blurb][\/et_pb_column][\/et_pb_row][\/et_pb_section][et_pb_section fb_built=\u00a0\u00bb1&Prime; admin_label=\u00a0\u00bbGallery Row\u00a0\u00bb _builder_version=\u00a0\u00bb4.16&Prime; custom_padding=\u00a0\u00bb0px|0px|0px|0px\u00a0\u00bb global_colors_info=\u00a0\u00bb{}\u00a0\u00bb][et_pb_row column_structure=\u00a0\u00bb1_4,1_4,1_4,1_4&Prime; use_custom_gutter=\u00a0\u00bbon\u00a0\u00bb gutter_width=\u00a0\u00bb1&Prime; module_class=\u00a0\u00bb et_pb_row_fullwidth\u00a0\u00bb _builder_version=\u00a0\u00bb4.16&Prime; width=\u00a0\u00bb100%\u00a0\u00bb width_tablet=\u00a0\u00bb100%\u00a0\u00bb width_phone=\u00a0\u00bb\u00a0\u00bb width_last_edited=\u00a0\u00bbon|desktop\u00a0\u00bb max_width=\u00a0\u00bb100%\u00a0\u00bb max_width_tablet=\u00a0\u00bb100%\u00a0\u00bb max_width_phone=\u00a0\u00bb\u00a0\u00bb max_width_last_edited=\u00a0\u00bbon|desktop\u00a0\u00bb custom_padding=\u00a0\u00bb0px|0px|0px|0px\u00a0\u00bb make_fullwidth=\u00a0\u00bbon\u00a0\u00bb global_colors_info=\u00a0\u00bb{}\u00a0\u00bb][et_pb_column type=\u00a0\u00bb1_4&Prime; _builder_version=\u00a0\u00bb4.16&Prime; custom_padding=\u00a0\u00bb|||\u00a0\u00bb global_colors_info=\u00a0\u00bb{}\u00a0\u00bb custom_padding__hover=\u00a0\u00bb|||\u00a0\u00bb][et_pb_image src=\u00a0\u00bbhttps:\/\/reve-provencal.com\/wp-content\/uploads\/2021\/06\/doorkijkje-mirabel-aux-baronnies.jpg\u00a0\u00bb alt=\u00a0\u00bb\u00c0 Mirabel-aux-Baronnies\u00a0\u00bb title_text=\u00a0\u00bb\u00c0 Mirabel-aux-Baronnies\u00a0\u00bb force_fullwidth=\u00a0\u00bbon\u00a0\u00bb align_tablet=\u00a0\u00bbcenter\u00a0\u00bb align_phone=\u00a0\u00bb\u00a0\u00bb align_last_edited=\u00a0\u00bbon|desktop\u00a0\u00bb _builder_version=\u00a0\u00bb4.16&Prime; locked=\u00a0\u00bboff\u00a0\u00bb global_colors_info=\u00a0\u00bb{}\u00a0\u00bb][\/et_pb_image][\/et_pb_column][et_pb_column type=\u00a0\u00bb1_4&Prime; _builder_version=\u00a0\u00bb4.16&Prime; custom_padding=\u00a0\u00bb|||\u00a0\u00bb global_colors_info=\u00a0\u00bb{}\u00a0\u00bb custom_padding__hover=\u00a0\u00bb|||\u00a0\u00bb][et_pb_image src=\u00a0\u00bbhttps:\/\/reve-provencal.com\/wp-content\/uploads\/2021\/06\/mirabel-aux-baronnies-fontein-13e-eeuw.jpg\u00a0\u00bb alt=\u00a0\u00bbFontaine du XIIIe si\u00e8cle \u00e0 Mirabel-aux-Baronnies\u00a0\u00bb title_text=\u00a0\u00bbFontaine du XIIIe si\u00e8cle \u00e0 Mirabel-aux-Baronnies\u00a0\u00bb force_fullwidth=\u00a0\u00bbon\u00a0\u00bb align_tablet=\u00a0\u00bbcenter\u00a0\u00bb align_phone=\u00a0\u00bb\u00a0\u00bb align_last_edited=\u00a0\u00bbon|desktop\u00a0\u00bb _builder_version=\u00a0\u00bb4.16&Prime; locked=\u00a0\u00bboff\u00a0\u00bb global_colors_info=\u00a0\u00bb{}\u00a0\u00bb][\/et_pb_image][\/et_pb_column][et_pb_column type=\u00a0\u00bb1_4&Prime; _builder_version=\u00a0\u00bb4.16&Prime; custom_padding=\u00a0\u00bb|||\u00a0\u00bb global_colors_info=\u00a0\u00bb{}\u00a0\u00bb custom_padding__hover=\u00a0\u00bb|||\u00a0\u00bb][et_pb_image src=\u00a0\u00bbhttps:\/\/reve-provencal.com\/wp-content\/uploads\/2021\/06\/olijfmolen-mirabel-aux-baronnies.jpg\u00a0\u00bb alt=\u00a0\u00bbMoulin \u00e0 huile d&rsquo;olive \u00e0 Mirabel-aux-Baronnies\u00a0\u00bb title_text=\u00a0\u00bbMoulin \u00e0 huile d&rsquo;olive \u00e0 Mirabel-aux-Baronnies\u00a0\u00bb force_fullwidth=\u00a0\u00bbon\u00a0\u00bb align_tablet=\u00a0\u00bbcenter\u00a0\u00bb align_phone=\u00a0\u00bb\u00a0\u00bb align_last_edited=\u00a0\u00bbon|desktop\u00a0\u00bb _builder_version=\u00a0\u00bb4.16&Prime; locked=\u00a0\u00bboff\u00a0\u00bb global_colors_info=\u00a0\u00bb{}\u00a0\u00bb][\/et_pb_image][\/et_pb_column][et_pb_column type=\u00a0\u00bb1_4&Prime; _builder_version=\u00a0\u00bb4.16&Prime; custom_padding=\u00a0\u00bb|||\u00a0\u00bb global_colors_info=\u00a0\u00bb{}\u00a0\u00bb custom_padding__hover=\u00a0\u00bb|||\u00a0\u00bb][et_pb_image src=\u00a0\u00bbhttps:\/\/reve-provencal.com\/wp-content\/uploads\/2021\/06\/mirabel-aux-baronnies-met-kerk.jpg\u00a0\u00bb alt=\u00a0\u00bbVue de Mirabel-aux-Baronnies avec l&rsquo;\u00e9glise\u00a0\u00bb title_text=\u00a0\u00bbVue de Mirabel-aux-Baronnies avec l&rsquo;\u00e9glise\u00a0\u00bb force_fullwidth=\u00a0\u00bbon\u00a0\u00bb align_tablet=\u00a0\u00bbcenter\u00a0\u00bb align_phone=\u00a0\u00bb\u00a0\u00bb align_last_edited=\u00a0\u00bbon|desktop\u00a0\u00bb _builder_version=\u00a0\u00bb4.16&Prime; locked=\u00a0\u00bboff\u00a0\u00bb global_colors_info=\u00a0\u00bb{}\u00a0\u00bb][\/et_pb_image][\/et_pb_column][\/et_pb_row][\/et_pb_section][et_pb_section fb_built=\u00a0\u00bb1&Prime; custom_padding_last_edited=\u00a0\u00bbon|phone\u00a0\u00bb _builder_version=\u00a0\u00bb4.16&Prime; _module_preset=\u00a0\u00bbdefault\u00a0\u00bb custom_padding=\u00a0\u00bb3em||||false|false\u00a0\u00bb custom_padding_tablet=\u00a0\u00bb2em||||false|false\u00a0\u00bb custom_padding_phone=\u00a0\u00bb1em||1em||true|false\u00a0\u00bb global_colors_info=\u00a0\u00bb{}\u00a0\u00bb][et_pb_row _builder_version=\u00a0\u00bb4.16&Prime; _module_preset=\u00a0\u00bbdefault\u00a0\u00bb custom_padding=\u00a0\u00bb0px||||false|false\u00a0\u00bb global_colors_info=\u00a0\u00bb{}\u00a0\u00bb][et_pb_column type=\u00a0\u00bb4_4&Prime; _builder_version=\u00a0\u00bb4.16&Prime; _module_preset=\u00a0\u00bbdefault\u00a0\u00bb global_colors_info=\u00a0\u00bb{}\u00a0\u00bb][et_pb_text _builder_version=\u00a0\u00bb4.16&Prime; _module_preset=\u00a0\u00bbdefault\u00a0\u00bb header_2_text_align=\u00a0\u00bbcenter\u00a0\u00bb global_colors_info=\u00a0\u00bb{}\u00a0\u00bb]<\/p>\n<h2>Ce qu&rsquo;un h\u00f4te a \u00e9crit<\/h2>\n<p>[\/et_pb_text][et_pb_code _builder_version=\u00a0\u00bb4.17.4&Prime; _module_preset=\u00a0\u00bbdefault\u00a0\u00bb global_colors_info=\u00a0\u00bb{}\u00a0\u00bb]<div class=\"strong-view strong-view-id-9 default wpmtst-default\" data-count=\"1\"><div class=\"strong-content strong-normal columns-1\"><div class=\"wpmtst-testimonial testimonial post-3056\"><div class=\"wpmtst-testimonial-inner testimonial-inner\"><h3 class=\"wpmtst-testimonial-heading testimonial-heading\">un petit coin de paradis<\/h3><div    class=\"wpmtst-testimonial-content testimonial-content\"><div class=\"maybe-clear\"><\/div><p>Bonjour,<br \/>\nnous avons passer cinq jour de d\u00e9tente au r\u00eave proven\u00e7ale.<br \/>\nle cadre est magnifique avec le parc, la piscine pour ce rafraichir et jouer avec les enfants.<br \/>\nle gite est tr\u00e8s propre et ben dot\u00e9, de plus la situation g\u00e9ographique est id\u00e9al!<br \/>\nje recommande et nous reviendrons sans h\u00e9sit\u00e9.<\/p><\/div><div class=\"wpmtst-testimonial-field testimonial-field testimonial-name\">nicolas MERILLON<\/div><div class=\"clear\"><\/div><\/div><\/div><\/div><\/div>[\/et_pb_code][\/et_pb_column][\/et_pb_row][\/et_pb_section][et_pb_section fb_built=\"1\" _builder_version=\"4.16\" _module_preset=\"default\" background_color=\"#F3F7F4\" global_colors_info=\"{}\"][et_pb_row column_structure=\"3_5,2_5\" custom_padding_last_edited=\"on|phone\" _builder_version=\"4.16\" _module_preset=\"default\" custom_padding_tablet=\"\" custom_padding_phone=\"0px||0px||true|false\" global_colors_info=\"{}\"][et_pb_column type=\"3_5\" _builder_version=\"4.16\" _module_preset=\"default\" global_colors_info=\"{}\"][et_pb_text _builder_version=\"4.17.4\" _module_preset=\"default\" link_font=\"|700|||||||\" header_2_line_height=\"1.4em\" header_2_font_size_tablet=\"\" header_2_font_size_phone=\"\" header_2_font_size_last_edited=\"on|phone\" global_colors_info=\"{}\"]<\/p>\n<h2>Les gens derri\u00e8re Le R\u00eave Proven\u00e7al<\/h2>\n<p>Nous \u2013 Erwin Derksen et Margriet Ravensbergen \u2013 vivons en France depuis fin 2007. Nous nous sommes retrouv\u00e9s au Mont-Dore dans le Massif Central, o\u00f9 nous avons lou\u00e9 avec enthousiasme des appartements aux vacanciers dans notre g\u00eete <a href=\"https:\/\/lescamelias.eu\" target=\"_blank\" rel=\"noopener\">Les Cam\u00e9lias<\/a>.<\/p>\n<p>M\u00eame si nous \u00e9tions toujours enthousiasm\u00e9s par cette r\u00e9gion et que nous \u00e9tions toujours heureux de partager cet enthousiasme avec nos h\u00f4tes, nous avons quand-m\u00eame eu envie de d\u00e9m\u00e9nager. On a vite craqu\u00e9 pour le secteur au nord-ouest du Mont Ventoux et Mirabel-aux-Baronnies notamment. Nous avons mis en vente Les Cam\u00e9lias et nous avons achet\u00e9 Le R\u00eave Proven\u00e7al.<\/p>\n<p>Nous avons apport\u00e9 nos ann\u00e9es d'exp\u00e9rience avec Les Cam\u00e9lias au R\u00eave Proven\u00e7al. Nous laissons \u00e0 nos h\u00f4tes leur intimit\u00e9, mais nous serons toujours l\u00e0 pour eux en cas de besoin !<\/p>\n<p>[\/et_pb_text][et_pb_button button_url=\"https:\/\/reve-provencal.com\/fr\/a-propos-de-nous\/\" button_text=\"En savoir plus sur nous\" _builder_version=\"4.16\" _module_preset=\"23192b2e-4ba6-494d-a3eb-93d7cdcbb808\" button_bg_color=\"#95B295\" global_colors_info=\"{}\"][\/et_pb_button][\/et_pb_column][et_pb_column type=\"2_5\" _builder_version=\"4.16\" _module_preset=\"default\" global_colors_info=\"{}\"][et_pb_image src=\"https:\/\/reve-provencal.com\/wp-content\/uploads\/2021\/06\/erwin-derksen-margriet-ravensbergen-le-reve-provencal.jpg\" alt=\"Erwin Derksen et Margriet Ravensbergen du R\u00eave Proven\u00e7al\" title_text=\"Erwin Derksen et Margriet Ravensbergen du R\u00eave Proven\u00e7al\" show_in_lightbox=\"on\" _builder_version=\"4.16\" _module_preset=\"252e04d1-cf21-4179-b94d-b3a94039e31a\" global_colors_info=\"{}\"][\/et_pb_image][\/et_pb_column][\/et_pb_row][\/et_pb_section][et_pb_section fb_built=\"1\" custom_padding_last_edited=\"on|phone\" admin_label=\"Footer Section\" _builder_version=\"4.16\" background_color=\"RGBA(0,0,0,0)\" custom_padding=\"4em||2em||false|false\" custom_padding_tablet=\"\" custom_padding_phone=\"2em||2em||false|false\" global_colors_info=\"{}\"][et_pb_row admin_label=\"Title Area\" _builder_version=\"4.16\" custom_padding=\"0px||0px||true|false\" locked=\"off\" global_colors_info=\"{}\"][et_pb_column type=\"4_4\" _builder_version=\"4.16\" custom_padding=\"|||\" global_colors_info=\"{}\" custom_padding__hover=\"|||\"][et_pb_text admin_label=\"Title\" _builder_version=\"4.16\" text_font=\"||||||||\" header_font=\"||||||||\" header_2_font=\"||||||||\" header_2_text_align=\"center\" header_2_font_size=\"42px\" header_2_line_height=\"1.3em\" custom_margin=\"||20px|\" animation_style=\"slide\" animation_direction=\"top\" animation_intensity_slide=\"30%\" animation_starting_opacity=\"100%\" header_2_font_size_tablet=\"\" header_2_font_size_phone=\"38px\" header_2_font_size_last_edited=\"on|phone\" global_colors_info=\"{}\"]<\/p>\n<h2>Contactez-nous<\/h2>\n<p>[\/et_pb_text][et_pb_divider color=\"#8875BB\" divider_weight=\"3px\" _builder_version=\"4.16\" max_width=\"50px\" module_alignment=\"center\" custom_margin=\"||10px|\" animation_style=\"slide\" animation_direction=\"top\" animation_intensity_slide=\"30%\" animation_starting_opacity=\"100%\" global_colors_info=\"{}\"][\/et_pb_divider][\/et_pb_column][\/et_pb_row][et_pb_row column_structure=\"1_4,1_4,1_4,1_4\" _builder_version=\"4.16\" _module_preset=\"default\" width=\"60%\" width_tablet=\"\" width_phone=\"80%\" width_last_edited=\"on|phone\" custom_padding=\"0px||0px||true|false\" global_colors_info=\"{}\"][et_pb_column type=\"1_4\" _builder_version=\"4.16\" _module_preset=\"default\" global_colors_info=\"{}\"][et_pb_blurb use_icon=\"on\" font_icon=\"&#xe009;||divi||400\" image_icon_background_color=\"#D8E9DD\" image_icon_width=\"48px\" _builder_version=\"4.16\" _module_preset=\"default\" body_text_align=\"center\" body_text_color=\"#3D423F\" image_icon_custom_padding=\"25px|25px|25px|25px|false|false\" border_radii_image=\"on|100%|100%|100%|100%\" border_width_all_image=\"3px\" border_color_all_image=\"#8875bb\" use_circle=\"on\" use_circle_border=\"on\" circle_color=\"#D8E9DD\" global_colors_info=\"{}\" image_icon_background_color__sticky_enabled=\"#8875bb\" image_icon_background_color__sticky=\"#8875bb\"]<\/p>\n<p>Le R\u00eave Proven\u00e7al<br \/>Les Trailles<br \/>422 chemin de la Riaille<br \/>26110 Mirabel-aux-Baronnies<\/p>\n<p>[\/et_pb_blurb][\/et_pb_column][et_pb_column type=\"1_4\" _builder_version=\"4.16\" _module_preset=\"default\" global_colors_info=\"{}\"][et_pb_blurb use_icon=\"on\" font_icon=\"&#xe010;||divi||400\" image_icon_background_color=\"#D8E9DD\" image_icon_width=\"48px\" _builder_version=\"4.16\" _module_preset=\"default\" body_font=\"|700|||||||\" body_text_align=\"center\" image_icon_custom_padding=\"25px|25px|25px|25px|false|false\" border_radii_image=\"on|100%|100%|100%|100%\" border_width_all_image=\"3px\" border_color_all_image=\"#8875bb\" use_circle=\"on\" use_circle_border=\"on\" circle_color=\"#D8E9DD\" global_colors_info=\"{}\" body_link_text_color__hover_enabled=\"on|hover\" body_link_text_color__hover=\"#6F9B7E\" image_icon_background_color__sticky_enabled=\"#8875bb\" image_icon_background_color__sticky=\"#8875bb\"]<\/p>\n<p><a href=\"mailto:info@reve-provencal.com\">info@reve-provencal.com<\/a><\/p>\n<p>[\/et_pb_blurb][\/et_pb_column][et_pb_column type=\"1_4\" _builder_version=\"4.16\" _module_preset=\"default\" global_colors_info=\"{}\"][et_pb_blurb use_icon=\"on\" font_icon=\"&#xf095;||fa||900\" image_icon_background_color=\"#D8E9DD\" image_icon_width=\"48px\" _builder_version=\"4.27.4\" _module_preset=\"default\" body_font=\"|700|||||||\" body_text_align=\"center\" image_icon_custom_padding=\"25px|25px|25px|25px|false|false\" hover_enabled=\"0\" border_radii_image=\"on|100%|100%|100%|100%\" border_width_all_image=\"3px\" border_color_all_image=\"#8875bb\" use_circle=\"on\" use_circle_border=\"on\" circle_color=\"#D8E9DD\" global_colors_info=\"{}\" body_text_color__hover_enabled=\"on|hover\" body_link_text_color__hover_enabled=\"on|hover\" body_link_text_color__hover=\"#6F9B7E\" image_icon_background_color__sticky_enabled=\"#8875bb\" image_icon_background_color__sticky=\"#8875bb\" sticky_enabled=\"0\"]<a href=\"tel:0033678736421\">+33 (0)6 78 73 64 21<\/a>[\/et_pb_blurb][\/et_pb_column][et_pb_column type=\"1_4\" _builder_version=\"4.16\" _module_preset=\"default\" global_colors_info=\"{}\"][et_pb_blurb use_icon=\"on\" font_icon=\"&#xf073;||fa||400\" image_icon_background_color=\"#D8E9DD\" image_icon_width=\"48px\" _builder_version=\"4.16\" _module_preset=\"default\" body_font=\"|700|||||||\" body_text_align=\"center\" image_icon_custom_padding=\"25px|25px|25px|25px|false|false\" link_option_url=\"https:\/\/reve-provencal.com\/fr\/tarifs-et-disponibilites\/#demandedereservation\" border_radii_image=\"on|100%|100%|100%|100%\" border_width_all_image=\"3px\" border_color_all_image=\"#8875bb\" use_circle=\"on\" use_circle_border=\"on\" circle_color=\"#D8E9DD\" global_colors_info=\"{}\" body_text_color__hover_enabled=\"on|hover\" body_link_text_color__hover_enabled=\"on|hover\" body_link_text_color__hover=\"#6F9B7E\" image_icon_background_color__sticky_enabled=\"#8875bb\" image_icon_background_color__sticky=\"#8875bb\" icon_color__hover_enabled=\"on|hover\" icon_color__hover=\"#D8E9DD\" image_icon_background_color__hover_enabled=\"on|hover\" image_icon_background_color__hover=\"#8875BB\" border_color_all_image__hover_enabled=\"on|hover\" border_color_all_image__hover=\"#D8E9DD\"]<\/p>\n<p><a href=\"https:\/\/reve-provencal.com\/fr\/tarifs-et-disponibilites\/#demandedereservation\">Demande de r\u00e9servation<\/a><\/p>\n<p>[\/et_pb_blurb][\/et_pb_column][\/et_pb_row][\/et_pb_section][et_pb_section fb_built=\"1\" fullwidth=\"on\" admin_label=\"Kaart\" _builder_version=\"4.16\" _module_preset=\"default\" background_color=\"#8875BB\" saved_tabs=\"all\" global_colors_info=\"{}\"][et_pb_fullwidth_code _builder_version=\"4.16\" _module_preset=\"default\" global_colors_info=\"{}\"][\/et_pb_fullwidth_code][\/et_pb_section]<\/p>\n","protected":false},"excerpt":{"rendered":"<p>Le R\u00eave Proven\u00e7alMaison de vacances avec piscine priv\u00e9e en ProvenceG\u00eete avec piscine priv\u00e9eG\u00eete compl\u00e8tement \u00e9quip\u00e9 pour un maximum de 4 personnes comprenant 2 chambres, un grand s\u00e9jour avec cuisine am\u00e9ricaine et une salle d&rsquo;eau. Avec non seulement une terrasse priv\u00e9e, mais aussi une piscine priv\u00e9e. Et tout cela entour\u00e9 d&rsquo;un joli jardin. Id\u00e9alement situ\u00e9. Merveilleusement [&hellip;]<\/p>\n","protected":false},"author":1,"featured_media":0,"parent":0,"menu_order":0,"comment_status":"closed","ping_status":"closed","template":"","meta":{"_et_pb_use_builder":"on","_et_pb_old_content":"","_et_gb_content_width":"","footnotes":""},"class_list":["post-614","page","type-page","status-publish","hentry"],"_links":{"self":[{"href":"https:\/\/reve-provencal.com\/fr\/wp-json\/wp\/v2\/pages\/614","targetHints":{"allow":["GET"]}}],"collection":[{"href":"https:\/\/reve-provencal.com\/fr\/wp-json\/wp\/v2\/pages"}],"about":[{"href":"https:\/\/reve-provencal.com\/fr\/wp-json\/wp\/v2\/types\/page"}],"author":[{"embeddable":true,"href":"https:\/\/reve-provencal.com\/fr\/wp-json\/wp\/v2\/users\/1"}],"replies":[{"embeddable":true,"href":"https:\/\/reve-provencal.com\/fr\/wp-json\/wp\/v2\/comments?post=614"}],"version-history":[{"count":83,"href":"https:\/\/reve-provencal.com\/fr\/wp-json\/wp\/v2\/pages\/614\/revisions"}],"predecessor-version":[{"id":4344,"href":"https:\/\/reve-provencal.com\/fr\/wp-json\/wp\/v2\/pages\/614\/revisions\/4344"}],"wp:attachment":[{"href":"https:\/\/reve-provencal.com\/fr\/wp-json\/wp\/v2\/media?parent=614"}],"curies":[{"name":"wp","href":"https:\/\/api.w.org\/{rel}","templated":true}]}}