{"id":1346,"date":"2021-07-25T09:31:44","date_gmt":"2021-07-25T09:31:44","guid":{"rendered":"https:\/\/reve-provencal.com\/?page_id=1346"},"modified":"2021-09-15T11:25:23","modified_gmt":"2021-09-15T11:25:23","slug":"temoignages","status":"publish","type":"page","link":"https:\/\/reve-provencal.com\/fr\/temoignages\/","title":{"rendered":"T\u00e9moignages"},"content":{"rendered":"<p>[et_pb_section fb_built=\u00a0\u00bb1&Prime; admin_label=\u00a0\u00bbHero Section\u00a0\u00bb _builder_version=\u00a0\u00bb4.9.10&Prime; background_color=\u00a0\u00bbRGBA(0,0,0,0)\u00a0\u00bb background_color_gradient_direction=\u00a0\u00bb90deg\u00a0\u00bb background_image=\u00a0\u00bbhttps:\/\/reve-provencal.com\/wp-content\/uploads\/blog-over-de-provence.jpg\u00a0\u00bb custom_margin=\u00a0\u00bb|||\u00a0\u00bb custom_padding=\u00a0\u00bb1em|0px|2em|0px|false|false\u00a0\u00bb global_colors_info=\u00a0\u00bb{}\u00a0\u00bb][et_pb_row custom_padding_last_edited=\u00a0\u00bboff|desktop\u00a0\u00bb admin_label=\u00a0\u00bbHero Area\u00a0\u00bb _builder_version=\u00a0\u00bb3.25&Prime; custom_padding=\u00a0\u00bb27px|0px|0px|0px\u00a0\u00bb global_colors_info=\u00a0\u00bb{}\u00a0\u00bb][et_pb_column type=\u00a0\u00bb4_4&Prime; _builder_version=\u00a0\u00bb3.25&Prime; custom_padding=\u00a0\u00bb|||\u00a0\u00bb global_colors_info=\u00a0\u00bb{}\u00a0\u00bb custom_padding__hover=\u00a0\u00bb|||\u00a0\u00bb][et_pb_text admin_label=\u00a0\u00bbHero Title\u00a0\u00bb _builder_version=\u00a0\u00bb4.9.10&Prime; text_font=\u00a0\u00bbPlayfair Display||||||||\u00a0\u00bb header_font=\u00a0\u00bb||||||||\u00a0\u00bb header_text_align=\u00a0\u00bbcenter\u00a0\u00bb header_text_color=\u00a0\u00bb#FFFFFF\u00a0\u00bb header_font_size=\u00a0\u00bb58px\u00a0\u00bb header_line_height=\u00a0\u00bb1.6em\u00a0\u00bb custom_margin=\u00a0\u00bb||0px|\u00a0\u00bb custom_padding=\u00a0\u00bb|||\u00a0\u00bb animation_style=\u00a0\u00bbslide\u00a0\u00bb animation_direction=\u00a0\u00bbleft\u00a0\u00bb animation_intensity_slide=\u00a0\u00bb5%\u00a0\u00bb animation_starting_opacity=\u00a0\u00bb100%\u00a0\u00bb text_font_size_last_edited=\u00a0\u00bboff|desktop\u00a0\u00bb header_font_size_tablet=\u00a0\u00bb\u00a0\u00bb header_font_size_phone=\u00a0\u00bb44px\u00a0\u00bb header_font_size_last_edited=\u00a0\u00bbon|phone\u00a0\u00bb global_colors_info=\u00a0\u00bb{}\u00a0\u00bb]<\/p>\n<h1>T\u00e9moignages<\/h1>\n<p>[\/et_pb_text][et_pb_text _builder_version=\u00a0\u00bb4.9.10&Prime; text_font=\u00a0\u00bb||||||||\u00a0\u00bb text_text_color=\u00a0\u00bb#FFFFFF\u00a0\u00bb text_font_size=\u00a0\u00bb18px\u00a0\u00bb text_line_height=\u00a0\u00bb1.8em\u00a0\u00bb header_font=\u00a0\u00bb||||||||\u00a0\u00bb text_orientation=\u00a0\u00bbcenter\u00a0\u00bb custom_margin=\u00a0\u00bb|||\u00a0\u00bb custom_padding=\u00a0\u00bb||10px|\u00a0\u00bb animation_direction=\u00a0\u00bbleft\u00a0\u00bb global_colors_info=\u00a0\u00bb{}\u00a0\u00bb]Lisez ici ce que les clients ont pens\u00e9 de leurs vacances au R\u00eave Proven\u00e7al<br \/>\n[\/et_pb_text][\/et_pb_column][\/et_pb_row][\/et_pb_section][et_pb_section fb_built=\u00a0\u00bb1&Prime; admin_label=\u00a0\u00bbFooter Section\u00a0\u00bb _builder_version=\u00a0\u00bb4.9.7&Prime; background_color=\u00a0\u00bbRGBA(0,0,0,0)\u00a0\u00bb custom_padding=\u00a0\u00bb1em||2em||false|false\u00a0\u00bb global_colors_info=\u00a0\u00bb{}\u00a0\u00bb][et_pb_row admin_label=\u00a0\u00bbFooter Area\u00a0\u00bb _builder_version=\u00a0\u00bb4.9.7&Prime; custom_margin=\u00a0\u00bb40px|||\u00a0\u00bb custom_padding=\u00a0\u00bb0px||||false|false\u00a0\u00bb global_colors_info=\u00a0\u00bb{}\u00a0\u00bb][et_pb_column type=\u00a0\u00bb4_4&Prime; _builder_version=\u00a0\u00bb3.25&Prime; custom_padding=\u00a0\u00bb|||\u00a0\u00bb global_colors_info=\u00a0\u00bb{}\u00a0\u00bb custom_padding__hover=\u00a0\u00bb|||\u00a0\u00bb][et_pb_text _builder_version=\u00a0\u00bb4.9.10&Prime; _module_preset=\u00a0\u00bbdefault\u00a0\u00bb background_color=\u00a0\u00bb#FFFFFF\u00a0\u00bb custom_padding=\u00a0\u00bb1em|1em|1em|1em|true|true\u00a0\u00bb border_radii=\u00a0\u00bbon|4px|4px|4px|4px\u00a0\u00bb global_colors_info=\u00a0\u00bb{}\u00a0\u00bb]<div class=\"strong-view strong-view-id-2 default wpmtst-default\" data-count=\"13\" data-state=\"idle\"><div class=\"strong-content strong-masonry columns-2\"><div class=\"wpmtst-testimonial testimonial post-4563\"><div class=\"wpmtst-testimonial-inner testimonial-inner\"><h3 class=\"wpmtst-testimonial-heading testimonial-heading\">Dommage que nous n&rsquo;ayons pu rester que si peu de temps<\/h3><div    class=\"wpmtst-testimonial-content testimonial-content\"><div class=\"maybe-clear\"><\/div><p>Beste Margriet en Erwin,<\/p><p>Bedankt voor jullie gastvrijheid in het mooie huisje.<br \/>\nWe hebben er echt van genoten, jammer dat we er maar zo kort waren.<\/p><p>Veel groetjes van ons 4, en wij komen zeker nog eens terug!<\/p><\/div><div class=\"wpmtst-testimonial-field testimonial-field testimonial-name\">Femke<\/div><div class=\"clear\"><\/div><\/div><\/div><div class=\"wpmtst-testimonial testimonial post-4126\"><div class=\"wpmtst-testimonial-inner testimonial-inner\"><h3 class=\"wpmtst-testimonial-heading testimonial-heading\">Un g\u00eete qui porte bien son nom !<\/h3><div    class=\"wpmtst-testimonial-content testimonial-content\"><div class=\"maybe-clear\"><\/div><p>Nous avons pass\u00e9 une excellente semaine de vacances au R\u00eave Proven\u00e7al (s\u00e9jour d\u00e9but juillet 2024) . G\u00eete lumineux, spacieux (nous \u00e9tions 3) meubl\u00e9 avec go\u00fbt et bien \u00e9quip\u00e9. Situ\u00e9 au calme au milieu de la verdure et des cigales, un vrai r\u00e9gal ! Et pour se rafra\u00eechir une belle piscine privative et 2 terrasses toutes \u00e9quip\u00e9es !<br \/>\nId\u00e9alement situ\u00e9 pour visiter cette belle r\u00e9gion : Nyons, Vaison la Romaine, Dentelles de Montmirail, les vignobles, les champs de lavande et d&rsquo;oliviers &#8230;<br \/>\nSans oublier la grande disponibilit\u00e9, le sens de l&rsquo;accueil et la discr\u00e9tion des propri\u00e9taires Erwin et Margriet. Merci \ud83d\ude4f<br \/>\nVraiment, c&rsquo;est LE R\u00eave proven\u00e7al !<\/p><\/div><div class=\"wpmtst-testimonial-field testimonial-field testimonial-name\">Isabelle<\/div><div class=\"clear\"><\/div><\/div><\/div><div class=\"wpmtst-testimonial testimonial post-3821\"><div class=\"wpmtst-testimonial-inner testimonial-inner\"><h3 class=\"wpmtst-testimonial-heading testimonial-heading\">Excellent s\u00e9jour !<\/h3><div    class=\"wpmtst-testimonial-content testimonial-content\"><div class=\"wpmtst-testimonial-image testimonial-image\"><img loading=\"lazy\" decoding=\"async\" width=\"169\" height=\"300\" src=\"https:\/\/reve-provencal.com\/wp-content\/uploads\/CB0CBDAB-3E8A-45C0-A467-4858DE2D70C4-169x300.jpeg\" class=\"attachment-medium size-medium wp-post-image\" alt=\"\" srcset=\"https:\/\/reve-provencal.com\/wp-content\/uploads\/CB0CBDAB-3E8A-45C0-A467-4858DE2D70C4-169x300.jpeg 169w, https:\/\/reve-provencal.com\/wp-content\/uploads\/CB0CBDAB-3E8A-45C0-A467-4858DE2D70C4.jpeg 180w\" sizes=\"(max-width: 169px) 100vw, 169px\" \/><\/div><div class=\"maybe-clear\"><\/div><p>Un endroit tr\u00e8s agr\u00e9able ! Le g\u00eete est d\u00e9cor\u00e9 simplement mais avec go\u00fbt, il y a beaucoup de lumi\u00e8re, de bons lits et tout le confort. Il est agr\u00e9able de se d\u00e9tendre au bord de la belle piscine, de prendre l&rsquo;ap\u00e9ro sur la terrasse et de cuisiner sur la plancha.   Le g\u00eete est tr\u00e8s calme mais c&rsquo;est une base parfaite pour explorer la r\u00e9gion ! C&rsquo;est une tr\u00e8s belle r\u00e9gion ! Nous en avons profit\u00e9 pleinement !<br \/>\nConseil : ne manquez pas de suivre le blog de Margriet pour obtenir tous les conseils sur les excursions dans la r\u00e9gion.<\/p><\/div><div class=\"wpmtst-testimonial-field testimonial-field testimonial-name\">De Cuyper Ann-Sophie<\/div><div class=\"clear\"><\/div><\/div><\/div><div class=\"wpmtst-testimonial testimonial post-3801\"><div class=\"wpmtst-testimonial-inner testimonial-inner\"><h3 class=\"wpmtst-testimonial-heading testimonial-heading\">Le v\u00e9ritable bonheur \u00e0 la fran\u00e7aise, c&rsquo;est ici qu&rsquo;il se trouve !<\/h3><div    class=\"wpmtst-testimonial-content testimonial-content\"><div class=\"wpmtst-testimonial-image testimonial-image\"><img loading=\"lazy\" decoding=\"async\" width=\"135\" height=\"300\" src=\"https:\/\/reve-provencal.com\/wp-content\/uploads\/20210921_140614-135x300.jpg\" class=\"attachment-medium size-medium wp-post-image\" alt=\"\" \/><\/div><div class=\"maybe-clear\"><\/div><p>Nous avons pass\u00e9 une semaine agr\u00e9able. Nous avons beaucoup appr\u00e9ci\u00e9 la belle piscine priv\u00e9e et le grand jardin avec plusieurs espaces pour s&rsquo;asseoir. Vous pouvez toujours choisir entre le soleil et l&rsquo;ombre. Un inventaire complet est disponible. Vous ne pouvez pas vous en priver.     Beaucoup de possibilit\u00e9s de randonn\u00e9es dans la r\u00e9gion et de nombreux villages authentiques. Nous n&rsquo;avons pas fait de v\u00e9lo, mais c&rsquo;est tout \u00e0 fait possible.  C&rsquo;est un endroit id\u00e9al<\/p><\/div><div class=\"wpmtst-testimonial-field testimonial-field testimonial-name\">Herman en Miny<\/div><div class=\"clear\"><\/div><\/div><\/div><div class=\"wpmtst-testimonial testimonial post-3800\"><div class=\"wpmtst-testimonial-inner testimonial-inner\"><h3 class=\"wpmtst-testimonial-heading testimonial-heading\">Quel r\u00eave !<\/h3><div    class=\"wpmtst-testimonial-content testimonial-content\"><div class=\"maybe-clear\"><\/div><p>Oui, quel r\u00eave, l&#8217;emplacement est de premier ordre ! Belle maison, belle terrasse, jardin fantastique, grand salon ext\u00e9rieur, confort partout. Sans oublier le hamac, id\u00e9al pour lire sous le soleil d&rsquo;automne. Et une baignade rafra\u00eechissante dans la piscine !  <\/p><\/div><div class=\"wpmtst-testimonial-field testimonial-field testimonial-name\">Vancluysen Kathy<\/div><div class=\"clear\"><\/div><\/div><\/div><div class=\"wpmtst-testimonial testimonial post-3798\"><div class=\"wpmtst-testimonial-inner testimonial-inner\"><h3 class=\"wpmtst-testimonial-heading testimonial-heading\">Vacances relaxantes en Provence<\/h3><div    class=\"wpmtst-testimonial-content testimonial-content\"><div class=\"maybe-clear\"><\/div><p>Nous trouvons que c&rsquo;est une tr\u00e8s belle g\u00eete. Belle et spacieuse, tout ce dont vous avez besoin est l\u00e0, un beau jardin et tout cela dans un cadre rural tout en \u00e9tant proche des magasins, des villages et des lieux d&rsquo;int\u00e9r\u00eat. <\/p><\/div><div class=\"wpmtst-testimonial-field testimonial-field testimonial-name\">Inge en Jos<\/div><div class=\"clear\"><\/div><\/div><\/div><div class=\"wpmtst-testimonial testimonial post-3792\"><div class=\"wpmtst-testimonial-inner testimonial-inner\"><h3 class=\"wpmtst-testimonial-heading testimonial-heading\">Un vrai plaisir !<\/h3><div    class=\"wpmtst-testimonial-content testimonial-content\"><div class=\"maybe-clear\"><\/div><p>Nous avons pass\u00e9 une semaine tr\u00e8s agr\u00e9able ! L&#8217;emplacement est id\u00e9al pour des vacances sans soucis (tr\u00e8s tranquilles). Nyons et Vaison La Romaine sont \u00e0 10 minutes en voiture. A 40 minutes, vous \u00eates au sommet du Ventoux.   Une visite aux vautours de Remuzat est vivement recommand\u00e9e, suivie d&rsquo;une baignade dans le plan d&rsquo;eau du Pas des Ondes.<br \/>\nLa piscine avec les chaises longues est le summum et le g\u00eete est spacieux et tout est fourni. Nous reviendrons sans aucun doute !!!<\/p><\/div><div class=\"wpmtst-testimonial-field testimonial-field testimonial-name\">Familie Blavier<\/div><div class=\"clear\"><\/div><\/div><\/div><div class=\"wpmtst-testimonial testimonial post-3786\"><div class=\"wpmtst-testimonial-inner testimonial-inner\"><h3 class=\"wpmtst-testimonial-heading testimonial-heading\">D\u00e9contract\u00e9<\/h3><div    class=\"wpmtst-testimonial-content testimonial-content\"><div class=\"maybe-clear\"><\/div><p>Apr\u00e8s un accueil chaleureux, nous avons pass\u00e9 3 semaines merveilleuses dans votre beau r\u00eave.<br \/>\nL&rsquo;appartement est vraiment enti\u00e8rement \u00e9quip\u00e9. Tant \u00e0 l&rsquo;int\u00e9rieur qu&rsquo;\u00e0 l&rsquo;ext\u00e9rieur, il ne manque rien.<br \/>\nDepuis l&rsquo;application, vous pouvez faire de belles promenades. La r\u00e9gion est magnifique !!!!<\/p><p>Beaucoup de choses vues, de beaux villages accueillants visit\u00e9s. Des vues magnifiques admir\u00e9es. Nous avons profit\u00e9s. <\/p><p>J&rsquo;ai d\u00e9j\u00e0 h\u00e2te d&rsquo;\u00eatre en septembre 2023.<\/p><\/div><div class=\"wpmtst-testimonial-field testimonial-field testimonial-name\">Els<\/div><div class=\"clear\"><\/div><\/div><\/div><div class=\"wpmtst-testimonial testimonial post-3497\"><div class=\"wpmtst-testimonial-inner testimonial-inner\"><h3 class=\"wpmtst-testimonial-heading testimonial-heading\">Un lieu de tranquillit\u00e9 dans le sud<\/h3><div    class=\"wpmtst-testimonial-content testimonial-content\"><div class=\"maybe-clear\"><\/div><p>Nous avons pass\u00e9 des vacances tr\u00e8s agr\u00e9ables dans l&rsquo;appartement de Margriet et Erwin. L&rsquo;appartement est tr\u00e8s confortable et propre. Les h\u00f4tes sont tr\u00e8s sympathiques. Nous avons fait des randonn\u00e9es vari\u00e9es dans la region. L&rsquo;appartement est bien situ\u00e9. De nombreux points de d\u00e9part sont accessibles en 30 minutes en voiture.<\/p><\/div><div class=\"wpmtst-testimonial-field testimonial-field testimonial-name\">Klemens et Renate Weissler<\/div><div class=\"clear\"><\/div><\/div><\/div><div class=\"wpmtst-testimonial testimonial post-3381\"><div class=\"wpmtst-testimonial-inner testimonial-inner\"><h3 class=\"wpmtst-testimonial-heading testimonial-heading\">Un s\u00e9jour formidable et un super acceuil<\/h3><div    class=\"wpmtst-testimonial-content testimonial-content\"><div class=\"maybe-clear\"><\/div><p>Nous avons pass\u00e9 une semaine v\u00e9lo extra avec l&rsquo;aide de nos hotes. Le gite est tr\u00e8s bien situ\u00e9 pour les rides et les conseils de Margriet et Erwin nous ont \u00e9t\u00e9 fort utiles. Le R\u00eave Proven\u00e7alest est bien localis\u00e9, fort bien \u00e9quip\u00e9 et tr\u00e8s comfortable pour quatres personnes.<\/p><p>Nous y reviendrons assur\u00e9ment<\/p><\/div><div class=\"wpmtst-testimonial-field testimonial-field testimonial-name\">Jean-Claude Ruel<\/div><div class=\"clear\"><\/div><\/div><\/div><div class=\"wpmtst-testimonial testimonial post-3350\"><div class=\"wpmtst-testimonial-inner testimonial-inner\"><h3 class=\"wpmtst-testimonial-heading testimonial-heading\">Super location<\/h3><div    class=\"wpmtst-testimonial-content testimonial-content\"><div class=\"maybe-clear\"><\/div><p>Super location au calme , pr\u00e8s du village accessible \u00e0 pieds.<br \/>\nMaison et piscine bien entretenues ,literie au top.<br \/>\nAvons passe une semaine qui nous a sembl\u00e9e bien trop courte. Je retiens l&rsquo;adresse pour l&rsquo;ann\u00e9e prochaine.<br \/>\nLes propri\u00e9taires sont serviables et r\u00e9pondent \u00e0 nos demandes efficacement.<\/p><\/div><div class=\"wpmtst-testimonial-field testimonial-field testimonial-name\">Marie Christine par Cybevasion.fr<\/div><div class=\"clear\"><\/div><\/div><\/div><div class=\"wpmtst-testimonial testimonial post-1972\"><div class=\"wpmtst-testimonial-inner testimonial-inner\"><h3 class=\"wpmtst-testimonial-heading testimonial-heading\">Un agr\u00e9able s\u00e9jour au calme<\/h3><div    class=\"wpmtst-testimonial-content testimonial-content\"><div class=\"maybe-clear\"><\/div><p>Nous avons pass\u00e9s un agr\u00e9able s\u00e9jour dans votre gite au calme et sans personne et du beau temps! Avons bien profit\u00e9 de la piscine et du secteur.<\/p><\/div><div class=\"wpmtst-testimonial-field testimonial-field testimonial-name\">Gross-Siebert<\/div><div class=\"clear\"><\/div><\/div><\/div><div class=\"wpmtst-testimonial testimonial post-3056\"><div class=\"wpmtst-testimonial-inner testimonial-inner\"><h3 class=\"wpmtst-testimonial-heading testimonial-heading\">un petit coin de paradis<\/h3><div    class=\"wpmtst-testimonial-content testimonial-content\"><div class=\"maybe-clear\"><\/div><p>Bonjour,<br \/>\nnous avons passer cinq jour de d\u00e9tente au r\u00eave proven\u00e7ale.<br \/>\nle cadre est magnifique avec le parc, la piscine pour ce rafraichir et jouer avec les enfants.<br \/>\nle gite est tr\u00e8s propre et ben dot\u00e9, de plus la situation g\u00e9ographique est id\u00e9al!<br \/>\nje recommande et nous reviendrons sans h\u00e9sit\u00e9.<\/p><\/div><div class=\"wpmtst-testimonial-field testimonial-field testimonial-name\">nicolas MERILLON<\/div><div class=\"clear\"><\/div><\/div><\/div><\/div><\/div><br \/>\n[\/et_pb_text][\/et_pb_column][\/et_pb_row][\/et_pb_section]<\/p>\n","protected":false},"excerpt":{"rendered":"<p>T\u00e9moignages Lisez ici ce que les clients ont pens\u00e9 de leurs vacances au R\u00eave Proven\u00e7al <div class=\"strong-view strong-view-id-2 default wpmtst-default\" data-count=\"13\" data-state=\"idle\"><div class=\"strong-content strong-masonry columns-2\"><div class=\"wpmtst-testimonial testimonial post-4563\"><div class=\"wpmtst-testimonial-inner testimonial-inner\"><h3 class=\"wpmtst-testimonial-heading testimonial-heading\">Dommage que nous n&rsquo;ayons pu rester que si peu de temps<\/h3><div    class=\"wpmtst-testimonial-content testimonial-content\"><div class=\"maybe-clear\"><\/div><p>Beste Margriet en Erwin,<\/p><p>Bedankt voor jullie gastvrijheid in het mooie huisje.<br \/>\nWe hebben er echt van genoten, jammer dat we er maar zo kort waren.<\/p><p>Veel groetjes van ons 4, en wij komen zeker nog eens terug!<\/p><\/div><div class=\"wpmtst-testimonial-field testimonial-field testimonial-name\">Femke<\/div><div class=\"clear\"><\/div><\/div><\/div><div class=\"wpmtst-testimonial testimonial post-4126\"><div class=\"wpmtst-testimonial-inner testimonial-inner\"><h3 class=\"wpmtst-testimonial-heading testimonial-heading\">Un g\u00eete qui porte bien son nom !<\/h3><div    class=\"wpmtst-testimonial-content testimonial-content\"><div class=\"maybe-clear\"><\/div><p>Nous avons pass\u00e9 une excellente semaine de vacances au R\u00eave Proven\u00e7al (s\u00e9jour d\u00e9but juillet 2024) . G\u00eete lumineux, spacieux (nous \u00e9tions 3) meubl\u00e9 avec go\u00fbt et bien \u00e9quip\u00e9. Situ\u00e9 au calme au milieu de la verdure et des cigales, un vrai r\u00e9gal ! Et pour se rafra\u00eechir une belle piscine privative et 2 terrasses toutes \u00e9quip\u00e9es !<br \/>\nId\u00e9alement situ\u00e9 pour visiter cette belle r\u00e9gion : Nyons, Vaison la Romaine, Dentelles de Montmirail, les vignobles, les champs de lavande et d&rsquo;oliviers &#8230;<br \/>\nSans oublier la grande disponibilit\u00e9, le sens de l&rsquo;accueil et la discr\u00e9tion des propri\u00e9taires Erwin et Margriet. Merci \ud83d\ude4f<br \/>\nVraiment, c&rsquo;est LE R\u00eave proven\u00e7al !<\/p><\/div><div class=\"wpmtst-testimonial-field testimonial-field testimonial-name\">Isabelle<\/div><div class=\"clear\"><\/div><\/div><\/div><div class=\"wpmtst-testimonial testimonial post-3821\"><div class=\"wpmtst-testimonial-inner testimonial-inner\"><h3 class=\"wpmtst-testimonial-heading testimonial-heading\">Excellent s\u00e9jour !<\/h3><div    class=\"wpmtst-testimonial-content testimonial-content\"><div class=\"wpmtst-testimonial-image testimonial-image\"><img width=\"169\" height=\"300\" src=\"https:\/\/reve-provencal.com\/wp-content\/uploads\/CB0CBDAB-3E8A-45C0-A467-4858DE2D70C4-169x300.jpeg\" class=\"attachment-medium size-medium wp-post-image\" alt=\"\" decoding=\"async\" loading=\"lazy\" srcset=\"https:\/\/reve-provencal.com\/wp-content\/uploads\/CB0CBDAB-3E8A-45C0-A467-4858DE2D70C4-169x300.jpeg 169w, https:\/\/reve-provencal.com\/wp-content\/uploads\/CB0CBDAB-3E8A-45C0-A467-4858DE2D70C4.jpeg 180w\" sizes=\"(max-width: 169px) 100vw, 169px\" \/><\/div><div class=\"maybe-clear\"><\/div><p>Un endroit tr\u00e8s agr\u00e9able ! Le g\u00eete est d\u00e9cor\u00e9 simplement mais avec go\u00fbt, il y a beaucoup de lumi\u00e8re, de bons lits et tout le confort. Il est agr\u00e9able de se d\u00e9tendre au bord de la belle piscine, de prendre l&rsquo;ap\u00e9ro sur la terrasse et de cuisiner sur la plancha.   Le g\u00eete est tr\u00e8s calme mais c&rsquo;est une base parfaite pour explorer la r\u00e9gion ! C&rsquo;est une tr\u00e8s belle r\u00e9gion ! Nous en avons profit\u00e9 pleinement !<br \/>\nConseil : ne manquez pas de suivre le blog de Margriet pour obtenir tous les conseils sur les excursions dans la r\u00e9gion.<\/p><\/div><div class=\"wpmtst-testimonial-field testimonial-field testimonial-name\">De Cuyper Ann-Sophie<\/div><div class=\"clear\"><\/div><\/div><\/div><div class=\"wpmtst-testimonial testimonial post-3801\"><div class=\"wpmtst-testimonial-inner testimonial-inner\"><h3 class=\"wpmtst-testimonial-heading testimonial-heading\">Le v\u00e9ritable bonheur \u00e0 la fran\u00e7aise, c&rsquo;est ici qu&rsquo;il se trouve !<\/h3><div    class=\"wpmtst-testimonial-content testimonial-content\"><div class=\"wpmtst-testimonial-image testimonial-image\"><img width=\"135\" height=\"300\" src=\"https:\/\/reve-provencal.com\/wp-content\/uploads\/20210921_140614-135x300.jpg\" class=\"attachment-medium size-medium wp-post-image\" alt=\"\" decoding=\"async\" loading=\"lazy\" \/><\/div><div class=\"maybe-clear\"><\/div><p>Nous avons pass\u00e9 une semaine agr\u00e9able. Nous avons beaucoup appr\u00e9ci\u00e9 la belle piscine priv\u00e9e et le grand jardin avec plusieurs espaces pour s&rsquo;asseoir. Vous pouvez toujours choisir entre le soleil et l&rsquo;ombre. Un inventaire complet est disponible. Vous ne pouvez pas vous en priver.     Beaucoup de possibilit\u00e9s de randonn\u00e9es dans la r\u00e9gion et de nombreux villages authentiques. Nous n&rsquo;avons pas fait de v\u00e9lo, mais c&rsquo;est tout \u00e0 fait possible.  C&rsquo;est un endroit id\u00e9al<\/p><\/div><div class=\"wpmtst-testimonial-field testimonial-field testimonial-name\">Herman en Miny<\/div><div class=\"clear\"><\/div><\/div><\/div><div class=\"wpmtst-testimonial testimonial post-3800\"><div class=\"wpmtst-testimonial-inner testimonial-inner\"><h3 class=\"wpmtst-testimonial-heading testimonial-heading\">Quel r\u00eave !<\/h3><div    class=\"wpmtst-testimonial-content testimonial-content\"><div class=\"maybe-clear\"><\/div><p>Oui, quel r\u00eave, l&#8217;emplacement est de premier ordre ! Belle maison, belle terrasse, jardin fantastique, grand salon ext\u00e9rieur, confort partout. Sans oublier le hamac, id\u00e9al pour lire sous le soleil d&rsquo;automne. Et une baignade rafra\u00eechissante dans la piscine !  <\/p><\/div><div class=\"wpmtst-testimonial-field testimonial-field testimonial-name\">Vancluysen Kathy<\/div><div class=\"clear\"><\/div><\/div><\/div><div class=\"wpmtst-testimonial testimonial post-3798\"><div class=\"wpmtst-testimonial-inner testimonial-inner\"><h3 class=\"wpmtst-testimonial-heading testimonial-heading\">Vacances relaxantes en Provence<\/h3><div    class=\"wpmtst-testimonial-content testimonial-content\"><div class=\"maybe-clear\"><\/div><p>Nous trouvons que c&rsquo;est une tr\u00e8s belle g\u00eete. Belle et spacieuse, tout ce dont vous avez besoin est l\u00e0, un beau jardin et tout cela dans un cadre rural tout en \u00e9tant proche des magasins, des villages et des lieux d&rsquo;int\u00e9r\u00eat. <\/p><\/div><div class=\"wpmtst-testimonial-field testimonial-field testimonial-name\">Inge en Jos<\/div><div class=\"clear\"><\/div><\/div><\/div><div class=\"wpmtst-testimonial testimonial post-3792\"><div class=\"wpmtst-testimonial-inner testimonial-inner\"><h3 class=\"wpmtst-testimonial-heading testimonial-heading\">Un vrai plaisir !<\/h3><div    class=\"wpmtst-testimonial-content testimonial-content\"><div class=\"maybe-clear\"><\/div><p>Nous avons pass\u00e9 une semaine tr\u00e8s agr\u00e9able ! L&#8217;emplacement est id\u00e9al pour des vacances sans soucis (tr\u00e8s tranquilles). Nyons et Vaison La Romaine sont \u00e0 10 minutes en voiture. A 40 minutes, vous \u00eates au sommet du Ventoux.   Une visite aux vautours de Remuzat est vivement recommand\u00e9e, suivie d&rsquo;une baignade dans le plan d&rsquo;eau du Pas des Ondes.<br \/>\nLa piscine avec les chaises longues est le summum et le g\u00eete est spacieux et tout est fourni. Nous reviendrons sans aucun doute !!!<\/p><\/div><div class=\"wpmtst-testimonial-field testimonial-field testimonial-name\">Familie Blavier<\/div><div class=\"clear\"><\/div><\/div><\/div><div class=\"wpmtst-testimonial testimonial post-3786\"><div class=\"wpmtst-testimonial-inner testimonial-inner\"><h3 class=\"wpmtst-testimonial-heading testimonial-heading\">D\u00e9contract\u00e9<\/h3><div    class=\"wpmtst-testimonial-content testimonial-content\"><div class=\"maybe-clear\"><\/div><p>Apr\u00e8s un accueil chaleureux, nous avons pass\u00e9 3 semaines merveilleuses dans votre beau r\u00eave.<br \/>\nL&rsquo;appartement est vraiment enti\u00e8rement \u00e9quip\u00e9. Tant \u00e0 l&rsquo;int\u00e9rieur qu&rsquo;\u00e0 l&rsquo;ext\u00e9rieur, il ne manque rien.<br \/>\nDepuis l&rsquo;application, vous pouvez faire de belles promenades. La r\u00e9gion est magnifique !!!!<\/p><p>Beaucoup de choses vues, de beaux villages accueillants visit\u00e9s. Des vues magnifiques admir\u00e9es. Nous avons profit\u00e9s. <\/p><p>J&rsquo;ai d\u00e9j\u00e0 h\u00e2te d&rsquo;\u00eatre en septembre 2023.<\/p><\/div><div class=\"wpmtst-testimonial-field testimonial-field testimonial-name\">Els<\/div><div class=\"clear\"><\/div><\/div><\/div><div class=\"wpmtst-testimonial testimonial post-3497\"><div class=\"wpmtst-testimonial-inner testimonial-inner\"><h3 class=\"wpmtst-testimonial-heading testimonial-heading\">Un lieu de tranquillit\u00e9 dans le sud<\/h3><div    class=\"wpmtst-testimonial-content testimonial-content\"><div class=\"maybe-clear\"><\/div><p>Nous avons pass\u00e9 des vacances tr\u00e8s agr\u00e9ables dans l&rsquo;appartement de Margriet et Erwin. L&rsquo;appartement est tr\u00e8s confortable et propre. Les h\u00f4tes sont tr\u00e8s sympathiques. Nous avons fait des randonn\u00e9es vari\u00e9es dans la region. L&rsquo;appartement est bien situ\u00e9. De nombreux points de d\u00e9part sont accessibles en 30 minutes en voiture.<\/p><\/div><div class=\"wpmtst-testimonial-field testimonial-field testimonial-name\">Klemens et Renate Weissler<\/div><div class=\"clear\"><\/div><\/div><\/div><div class=\"wpmtst-testimonial testimonial post-3381\"><div class=\"wpmtst-testimonial-inner testimonial-inner\"><h3 class=\"wpmtst-testimonial-heading testimonial-heading\">Un s\u00e9jour formidable et un super acceuil<\/h3><div    class=\"wpmtst-testimonial-content testimonial-content\"><div class=\"maybe-clear\"><\/div><p>Nous avons pass\u00e9 une semaine v\u00e9lo extra avec l&rsquo;aide de nos hotes. Le gite est tr\u00e8s bien situ\u00e9 pour les rides et les conseils de Margriet et Erwin nous ont \u00e9t\u00e9 fort utiles. Le R\u00eave Proven\u00e7alest est bien localis\u00e9, fort bien \u00e9quip\u00e9 et tr\u00e8s comfortable pour quatres personnes.<\/p><p>Nous y reviendrons assur\u00e9ment<\/p><\/div><div class=\"wpmtst-testimonial-field testimonial-field testimonial-name\">Jean-Claude Ruel<\/div><div class=\"clear\"><\/div><\/div><\/div><div class=\"wpmtst-testimonial testimonial post-3350\"><div class=\"wpmtst-testimonial-inner testimonial-inner\"><h3 class=\"wpmtst-testimonial-heading testimonial-heading\">Super location<\/h3><div    class=\"wpmtst-testimonial-content testimonial-content\"><div class=\"maybe-clear\"><\/div><p>Super location au calme , pr\u00e8s du village accessible \u00e0 pieds.<br \/>\nMaison et piscine bien entretenues ,literie au top.<br \/>\nAvons passe une semaine qui nous a sembl\u00e9e bien trop courte. Je retiens l&rsquo;adresse pour l&rsquo;ann\u00e9e prochaine.<br \/>\nLes propri\u00e9taires sont serviables et r\u00e9pondent \u00e0 nos demandes efficacement.<\/p><\/div><div class=\"wpmtst-testimonial-field testimonial-field testimonial-name\">Marie Christine par Cybevasion.fr<\/div><div class=\"clear\"><\/div><\/div><\/div><div class=\"wpmtst-testimonial testimonial post-1972\"><div class=\"wpmtst-testimonial-inner testimonial-inner\"><h3 class=\"wpmtst-testimonial-heading testimonial-heading\">Un agr\u00e9able s\u00e9jour au calme<\/h3><div    class=\"wpmtst-testimonial-content testimonial-content\"><div class=\"maybe-clear\"><\/div><p>Nous avons pass\u00e9s un agr\u00e9able s\u00e9jour dans votre gite au calme et sans personne et du beau temps! Avons bien profit\u00e9 de la piscine et du secteur.<\/p><\/div><div class=\"wpmtst-testimonial-field testimonial-field testimonial-name\">Gross-Siebert<\/div><div class=\"clear\"><\/div><\/div><\/div><div class=\"wpmtst-testimonial testimonial post-3056\"><div class=\"wpmtst-testimonial-inner testimonial-inner\"><h3 class=\"wpmtst-testimonial-heading testimonial-heading\">un petit coin de paradis<\/h3><div    class=\"wpmtst-testimonial-content testimonial-content\"><div class=\"maybe-clear\"><\/div><p>Bonjour,<br \/>\nnous avons passer cinq jour de d\u00e9tente au r\u00eave proven\u00e7ale.<br \/>\nle cadre est magnifique avec le parc, la piscine pour ce rafraichir et jouer avec les enfants.<br \/>\nle gite est tr\u00e8s propre et ben dot\u00e9, de plus la situation g\u00e9ographique est id\u00e9al!<br \/>\nje recommande et nous reviendrons sans h\u00e9sit\u00e9.<\/p><\/div><div class=\"wpmtst-testimonial-field testimonial-field testimonial-name\">nicolas MERILLON<\/div><div class=\"clear\"><\/div><\/div><\/div><\/div><\/div><\/p>\n","protected":false},"author":1,"featured_media":0,"parent":0,"menu_order":0,"comment_status":"closed","ping_status":"closed","template":"","meta":{"_et_pb_use_builder":"on","_et_pb_old_content":"","_et_gb_content_width":"","footnotes":""},"class_list":["post-1346","page","type-page","status-publish","hentry"],"_links":{"self":[{"href":"https:\/\/reve-provencal.com\/fr\/wp-json\/wp\/v2\/pages\/1346","targetHints":{"allow":["GET"]}}],"collection":[{"href":"https:\/\/reve-provencal.com\/fr\/wp-json\/wp\/v2\/pages"}],"about":[{"href":"https:\/\/reve-provencal.com\/fr\/wp-json\/wp\/v2\/types\/page"}],"author":[{"embeddable":true,"href":"https:\/\/reve-provencal.com\/fr\/wp-json\/wp\/v2\/users\/1"}],"replies":[{"embeddable":true,"href":"https:\/\/reve-provencal.com\/fr\/wp-json\/wp\/v2\/comments?post=1346"}],"version-history":[{"count":10,"href":"https:\/\/reve-provencal.com\/fr\/wp-json\/wp\/v2\/pages\/1346\/revisions"}],"predecessor-version":[{"id":2015,"href":"https:\/\/reve-provencal.com\/fr\/wp-json\/wp\/v2\/pages\/1346\/revisions\/2015"}],"wp:attachment":[{"href":"https:\/\/reve-provencal.com\/fr\/wp-json\/wp\/v2\/media?parent=1346"}],"curies":[{"name":"wp","href":"https:\/\/api.w.org\/{rel}","templated":true}]}}