{"id":2022,"date":"2021-09-15T11:47:51","date_gmt":"2021-09-15T11:47:51","guid":{"rendered":"https:\/\/reve-provencal.com\/?page_id=2022"},"modified":"2025-01-29T15:53:43","modified_gmt":"2025-01-29T15:53:43","slug":"holiday-home-with-private-swimming-pool-in-the-provence","status":"publish","type":"page","link":"https:\/\/reve-provencal.com\/en\/","title":{"rendered":"Holiday home with private swimming pool in the Provence"},"content":{"rendered":"<p>[et_pb_section fb_built=&#8221;1&#8243; admin_label=&#8221;Seasonal Collection&#8221; _builder_version=&#8221;4.16&#8243; background_color=&#8221;#264059&#8243; use_background_color_gradient=&#8221;on&#8221; background_color_gradient_direction=&#8221;90deg&#8221; background_color_gradient_stops=&#8221;#7a9b84 17%|rgba(38,64,89,0) 77%&#8221; background_color_gradient_overlays_image=&#8221;on&#8221; background_color_gradient_start=&#8221;#7a9b84&#8243; background_color_gradient_start_position=&#8221;17%&#8221; background_color_gradient_end=&#8221;rgba(38,64,89,0)&#8221; background_color_gradient_end_position=&#8221;77%&#8221; background_image=&#8221;https:\/\/reve-provencal.com\/wp-content\/uploads\/2021\/06\/vakantiehuis-met-prive-zwembad-in-de-provence.jpg&#8221; custom_margin=&#8221;|||&#8221; custom_padding=&#8221;10%|0px|10%|0px&#8221; global_colors_info=&#8221;{}&#8221;][et_pb_row custom_padding_last_edited=&#8221;off|desktop&#8221; admin_label=&#8221;Hero Area&#8221; _builder_version=&#8221;4.16&#8243; custom_padding=&#8221;27px|0px|0px|0px&#8221; global_colors_info=&#8221;{}&#8221;][et_pb_column type=&#8221;4_4&#8243; _builder_version=&#8221;4.16&#8243; custom_padding=&#8221;|||&#8221; global_colors_info=&#8221;{}&#8221; custom_padding__hover=&#8221;|||&#8221;][et_pb_text admin_label=&#8221;Hero Title&#8221; _builder_version=&#8221;4.16&#8243; text_font=&#8221;Playfair Display||||||||&#8221; header_font=&#8221;||||||||&#8221; header_font_size=&#8221;110px&#8221; header_letter_spacing=&#8221;-3px&#8221; header_line_height=&#8221;1.1em&#8221; background_layout=&#8221;dark&#8221; custom_margin=&#8221;||3em||false|false&#8221; animation_direction=&#8221;left&#8221; text_font_size_last_edited=&#8221;off|desktop&#8221; header_font_size_tablet=&#8221;&#8221; header_font_size_phone=&#8221;60px&#8221; header_font_size_last_edited=&#8221;on|phone&#8221; global_colors_info=&#8221;{}&#8221;]<\/p>\n<h1>Le R\u00eave Proven\u00e7al<\/h1>\n<p>[\/et_pb_text][et_pb_text _builder_version=&#8221;4.16&#8243; text_font=&#8221;||||||||&#8221; text_font_size=&#8221;26px&#8221; text_line_height=&#8221;1.3em&#8221; header_font=&#8221;||||||||&#8221; background_layout=&#8221;dark&#8221; custom_margin=&#8221;|||&#8221; custom_padding=&#8221;||10px|&#8221; animation_direction=&#8221;left&#8221; text_font_size_tablet=&#8221;&#8221; text_font_size_phone=&#8221;24px&#8221; text_font_size_last_edited=&#8221;on|phone&#8221; text_line_height_tablet=&#8221;&#8221; text_line_height_phone=&#8221;&#8221; text_line_height_last_edited=&#8221;on|phone&#8221; global_colors_info=&#8221;{}&#8221;]<\/p>\n<p>Holiday home with private swimming pool in the Provence<\/p>\n<p>[\/et_pb_text][\/et_pb_column][\/et_pb_row][\/et_pb_section][et_pb_section fb_built=&#8221;1&#8243; admin_label=&#8221;Our Specialties Section&#8221; _builder_version=&#8221;4.16&#8243; custom_padding=&#8221;2em||2em||true|false&#8221; global_colors_info=&#8221;{}&#8221;][et_pb_row custom_padding_last_edited=&#8221;on|phone&#8221; admin_label=&#8221;Title Area&#8221; _builder_version=&#8221;4.16&#8243; custom_padding=&#8221;||0px||false|false&#8221; custom_padding_tablet=&#8221;&#8221; custom_padding_phone=&#8221;0px||0px||true|false&#8221; global_colors_info=&#8221;{}&#8221;][et_pb_column type=&#8221;4_4&#8243; _builder_version=&#8221;4.16&#8243; custom_padding=&#8221;|||&#8221; global_colors_info=&#8221;{}&#8221; custom_padding__hover=&#8221;|||&#8221;][et_pb_text admin_label=&#8221;Title&#8221; _builder_version=&#8221;4.16&#8243; text_font=&#8221;||||||||&#8221; header_font=&#8221;||||||||&#8221; header_2_font=&#8221;||||||||&#8221; header_2_text_align=&#8221;center&#8221; header_2_text_color=&#8221;#95b295&#8243; header_2_font_size=&#8221;42px&#8221; header_2_line_height=&#8221;1.3em&#8221; custom_margin=&#8221;||20px|&#8221; animation_style=&#8221;slide&#8221; animation_direction=&#8221;top&#8221; animation_intensity_slide=&#8221;30%&#8221; animation_starting_opacity=&#8221;100%&#8221; header_2_font_size_tablet=&#8221;&#8221; header_2_font_size_phone=&#8221;38px&#8221; header_2_font_size_last_edited=&#8221;on|phone&#8221; global_colors_info=&#8221;{}&#8221;]<\/p>\n<h2>G\u00eete with private swimming pool<\/h2>\n<p>[\/et_pb_text][et_pb_divider color=&#8221;#8875BB&#8221; divider_weight=&#8221;3px&#8221; _builder_version=&#8221;4.16&#8243; max_width=&#8221;50px&#8221; module_alignment=&#8221;center&#8221; custom_margin=&#8221;||10px|&#8221; animation_style=&#8221;slide&#8221; animation_direction=&#8221;top&#8221; animation_intensity_slide=&#8221;30%&#8221; animation_starting_opacity=&#8221;100%&#8221; global_colors_info=&#8221;{}&#8221;][\/et_pb_divider][et_pb_text admin_label=&#8221;Subtitle&#8221; _builder_version=&#8221;4.18.0&#8243; text_font=&#8221;||||||||&#8221; text_line_height=&#8221;1.8em&#8221; text_orientation=&#8221;center&#8221; max_width=&#8221;700px&#8221; module_alignment=&#8221;center&#8221; animation_direction=&#8221;top&#8221; global_colors_info=&#8221;{}&#8221;]<\/p>\n<p>Fully equipped g\u00eete for up to 4 persons with 2 bedrooms, a large living room with open kitchen and a bathroom. With not only a private terrace, but also a private swimming pool. And all this surrounded by a lovely garden.<\/p>\n<p>Ideally located. Wonderfully quiet, almost at the end of a country lane, yet only 800 meters from the centre of Mirabel-aux-Baronnies.<\/p>\n<p>[\/et_pb_text][\/et_pb_column][\/et_pb_row][et_pb_row column_structure=&#8221;1_3,1_3,1_3&#8243; custom_padding_last_edited=&#8221;on|phone&#8221; admin_label=&#8221;Our Specialties&#8221; _builder_version=&#8221;4.16&#8243; custom_margin=&#8221;40px|||&#8221; custom_padding=&#8221;||||false|false&#8221; custom_padding_tablet=&#8221;&#8221; custom_padding_phone=&#8221;0px||0px||true|false&#8221; global_colors_info=&#8221;{}&#8221;][et_pb_column type=&#8221;1_3&#8243; _builder_version=&#8221;4.16&#8243; custom_padding=&#8221;|||&#8221; global_colors_info=&#8221;{}&#8221; custom_padding__hover=&#8221;|||&#8221;][et_pb_image src=&#8221;https:\/\/reve-provencal.com\/wp-content\/uploads\/2021\/06\/gite-met-prive-zwembad-in-de-provence-1.jpg&#8221; alt=&#8221;G\u00eete with private swimming pool in the Provence&#8221; title_text=&#8221;G\u00eete with private swimming pool in the Provence&#8221; show_in_lightbox=&#8221;on&#8221; _builder_version=&#8221;4.16&#8243; _module_preset=&#8221;252e04d1-cf21-4179-b94d-b3a94039e31a&#8221; global_colors_info=&#8221;{}&#8221;][\/et_pb_image][et_pb_text _builder_version=&#8221;4.16&#8243; text_font=&#8221;||||||||&#8221; text_line_height=&#8221;1.8em&#8221; header_font=&#8221;||||||||&#8221; header_3_font=&#8221;||||||||&#8221; header_3_font_size=&#8221;24px&#8221; header_3_line_height=&#8221;1.5em&#8221; custom_margin=&#8221;40px||10px|&#8221; custom_padding=&#8221;|||&#8221; global_colors_info=&#8221;{}&#8221;]<\/p>\n<h3>Private swimming pool<\/h3>\n<p>Enjoy the nice swimming pool during the summer months. There is also a plancha and a wood-fired pizza oven. <\/p>\n<p>[\/et_pb_text][\/et_pb_column][et_pb_column type=&#8221;1_3&#8243; _builder_version=&#8221;4.16&#8243; custom_padding=&#8221;|||&#8221; global_colors_info=&#8221;{}&#8221; custom_padding__hover=&#8221;|||&#8221;][et_pb_image src=&#8221;https:\/\/reve-provencal.com\/wp-content\/uploads\/2021\/06\/woongedeelte.jpg&#8221; alt=&#8221;Living area&#8221; title_text=&#8221;Living area&#8221; show_in_lightbox=&#8221;on&#8221; _builder_version=&#8221;4.16&#8243; _module_preset=&#8221;252e04d1-cf21-4179-b94d-b3a94039e31a&#8221; global_colors_info=&#8221;{}&#8221;][\/et_pb_image][et_pb_text _builder_version=&#8221;4.16&#8243; text_font=&#8221;||||||||&#8221; text_line_height=&#8221;1.8em&#8221; header_font=&#8221;||||||||&#8221; header_3_font=&#8221;||||||||&#8221; header_3_font_size=&#8221;24px&#8221; header_3_line_height=&#8221;1.5em&#8221; custom_margin=&#8221;40px||10px|&#8221; custom_padding=&#8221;|||&#8221; global_colors_info=&#8221;{}&#8221;]<\/p>\n<h3>G\u00eete with 2 bedrooms<\/h3>\n<p>Fully equipped g\u00eete with 2 bedrooms, a large living room with open kitchen, a bathroom and a lovely private terrace.<\/p>\n<p>[\/et_pb_text][\/et_pb_column][et_pb_column type=&#8221;1_3&#8243; _builder_version=&#8221;4.16&#8243; custom_padding=&#8221;|||&#8221; global_colors_info=&#8221;{}&#8221; custom_padding__hover=&#8221;|||&#8221;][et_pb_image src=&#8221;https:\/\/reve-provencal.com\/wp-content\/uploads\/2021\/06\/uitzicht-op-tuin-vanaf-zwembad.jpg&#8221; alt=&#8221;View on the garden from the swimming pool&#8221; title_text=&#8221;View on the garden from the swimming pool&#8221; show_in_lightbox=&#8221;on&#8221; _builder_version=&#8221;4.16&#8243; _module_preset=&#8221;252e04d1-cf21-4179-b94d-b3a94039e31a&#8221; global_colors_info=&#8221;{}&#8221;][\/et_pb_image][et_pb_text _builder_version=&#8221;4.16&#8243; text_font=&#8221;||||||||&#8221; text_line_height=&#8221;1.8em&#8221; header_font=&#8221;||||||||&#8221; header_3_font=&#8221;||||||||&#8221; header_3_font_size=&#8221;24px&#8221; header_3_line_height=&#8221;1.5em&#8221; custom_margin=&#8221;40px||10px|&#8221; custom_padding=&#8221;|||&#8221; global_colors_info=&#8221;{}&#8221;]<\/p>\n<h3>Lovely garden<\/h3>\n<p>A large garden with fruit and olive trees and shaded seating areas.<\/p>\n<p>[\/et_pb_text][\/et_pb_column][\/et_pb_row][\/et_pb_section][et_pb_section fb_built=&#8221;1&#8243; admin_label=&#8221;Custom Bouquets Section&#8221; _builder_version=&#8221;4.16&#8243; background_color=&#8221;#f3f7f4&#8243; custom_padding=&#8221;2em||2em||true|false&#8221; global_colors_info=&#8221;{}&#8221;][et_pb_row column_structure=&#8221;3_5,2_5&#8243; admin_label=&#8221;Title Area&#8221; _builder_version=&#8221;4.16&#8243; custom_padding=&#8221;0px||0px||true|false&#8221; global_colors_info=&#8221;{}&#8221;][et_pb_column type=&#8221;3_5&#8243; _builder_version=&#8221;4.16&#8243; custom_padding=&#8221;|||&#8221; global_colors_info=&#8221;{}&#8221; custom_padding__hover=&#8221;|||&#8221;][et_pb_text admin_label=&#8221;Title&#8221; _builder_version=&#8221;4.16&#8243; text_font=&#8221;||||||||&#8221; header_font=&#8221;||||||||&#8221; header_2_font=&#8221;||||||||&#8221; header_2_font_size=&#8221;42px&#8221; header_2_line_height=&#8221;1.3em&#8221; custom_margin=&#8221;||20px|&#8221; animation_style=&#8221;slide&#8221; animation_direction=&#8221;top&#8221; animation_intensity_slide=&#8221;30%&#8221; animation_starting_opacity=&#8221;100%&#8221; header_2_font_size_tablet=&#8221;&#8221; header_2_font_size_phone=&#8221;38px&#8221; header_2_font_size_last_edited=&#8221;on|phone&#8221; global_colors_info=&#8221;{}&#8221;]<\/p>\n<h2>Mirabel-aux-Baronnies<\/h2>\n<p>[\/et_pb_text][et_pb_divider color=&#8221;#8875BB&#8221; divider_weight=&#8221;3px&#8221; _builder_version=&#8221;4.16&#8243; max_width=&#8221;50px&#8221; custom_margin=&#8221;||10px|&#8221; animation_style=&#8221;slide&#8221; animation_direction=&#8221;top&#8221; animation_intensity_slide=&#8221;30%&#8221; animation_starting_opacity=&#8221;100%&#8221; global_colors_info=&#8221;{}&#8221;][\/et_pb_divider][et_pb_text admin_label=&#8221;Subtitle&#8221; _builder_version=&#8221;4.16&#8243; text_font=&#8221;||||||||&#8221; text_line_height=&#8221;1.8em&#8221; link_font=&#8221;|700|||||||&#8221; module_alignment=&#8221;left&#8221; animation_direction=&#8221;top&#8221; global_colors_info=&#8221;{}&#8221;]<\/p>\n<p><a href=\"https:\/\/en.wikipedia.org\/wiki\/Mirabel-aux-Baronnies\" target=\"_blank\" rel=\"noopener\">Mirabel-aux-Baronnies<\/a> is located in the south of the Dr\u00f4me Proven\u00e7ale between the lively towns of <a href=\"https:\/\/en.wikipedia.org\/wiki\/Nyons\" target=\"_blank\" rel=\"noopener\">Nyons<\/a> and <a href=\"https:\/\/en.wikipedia.org\/wiki\/Vaison-la-Romaine\" target=\"_blank\" rel=\"noopener\">Vaison-la-Romaine<\/a>. The area is known for its mild climate.<\/p>\n<p>The picturesque village is surrounded by vineyards and olive groves. In the village you will find a bakery, a supermarket, a butcher, a pharmacy, a pub and a caf\u00e9-restaurant.<\/p>\n<h2>Surroundings<\/h2>\n<p>There is plenty to see and do in the beautiful <a href=\"https:\/\/reve-provencal.com\/en\/surroundings\/\">surroundings<\/a>. Whether you like picturesque villages, beautiful nature or cozy terraces. For the cyclists; the Mont Ventoux and the many cols of the Dr\u00f4me are within cycling distance. There is also plenty to do for walkers. And from mid-June to mid-July, the landscape turns purple due to the flowering lavender fields.<\/p>\n<p>[\/et_pb_text][\/et_pb_column][et_pb_column type=&#8221;2_5&#8243; _builder_version=&#8221;4.16&#8243; custom_padding=&#8221;|||&#8221; global_colors_info=&#8221;{}&#8221; custom_padding__hover=&#8221;|||&#8221;][et_pb_blurb title=&#8221;Get inspired!&#8221; image=&#8221;https:\/\/reve-provencal.com\/wp-content\/uploads\/zicht-over-wijnvelden-richting-de-mont-ventoux.jpg&#8221; alt=&#8221;View over vineyards towards Mont Ventoux&#8221; _builder_version=&#8221;4.16&#8243; _module_preset=&#8221;default&#8221; header_font_size=&#8221;28px&#8221; background_color=&#8221;#FFFFFF&#8221; transform_rotate=&#8221;0deg|0deg|2deg&#8221; custom_padding=&#8221;1em|1em|1em|1em|true|true&#8221; border_radii=&#8221;on|4px|4px|4px|4px&#8221; border_radii_image=&#8221;on|4px|4px|4px|4px&#8221; box_shadow_style_image=&#8221;preset2&#8243; box_shadow_color_image=&#8221;#CDE2D3&#8243; global_colors_info=&#8221;{}&#8221;]Are you thinking about going on holiday in the Provence? Then let us inspire you. We write about picturesque villages, restaurants where you can eat delicious meals, surprising activities, the most refreshing places to cool off and delicious regional products.<\/p>\n<p>The newsletter is sent monthly and you can unsubscribe at any time.<\/p>\n<p>Register now.<br \/>\n<!-- Laposta 1.1 --><\/p>\n<p><script type=\"text\/javascript\">\nvar Laposta = {};\nLaposta.width = '100%';\n<\/script><\/p>\n<p><script type=\"text\/javascript\" src=\"https:\/\/buro-rader.email-provider.nl\/a\/gxgrbyc0lh\/l\/fgiwcimgiu\/subscribe.js\"><\/script><\/p>\n<p><!-- \/Laposta -->[\/et_pb_blurb][\/et_pb_column][\/et_pb_row][\/et_pb_section][et_pb_section fb_built=&#8221;1&#8243; admin_label=&#8221;Gallery Row&#8221; _builder_version=&#8221;4.16&#8243; custom_padding=&#8221;0px|0px|0px|0px&#8221; global_colors_info=&#8221;{}&#8221;][et_pb_row column_structure=&#8221;1_4,1_4,1_4,1_4&#8243; use_custom_gutter=&#8221;on&#8221; gutter_width=&#8221;1&#8243; module_class=&#8221; et_pb_row_fullwidth&#8221; _builder_version=&#8221;4.16&#8243; width=&#8221;100%&#8221; width_tablet=&#8221;100%&#8221; width_phone=&#8221;&#8221; width_last_edited=&#8221;on|desktop&#8221; max_width=&#8221;100%&#8221; max_width_tablet=&#8221;100%&#8221; max_width_phone=&#8221;&#8221; max_width_last_edited=&#8221;on|desktop&#8221; custom_padding=&#8221;0px|0px|0px|0px&#8221; make_fullwidth=&#8221;on&#8221; global_colors_info=&#8221;{}&#8221;][et_pb_column type=&#8221;1_4&#8243; _builder_version=&#8221;4.16&#8243; custom_padding=&#8221;|||&#8221; global_colors_info=&#8221;{}&#8221; custom_padding__hover=&#8221;|||&#8221;][et_pb_image src=&#8221;https:\/\/reve-provencal.com\/wp-content\/uploads\/2021\/06\/doorkijkje-mirabel-aux-baronnies.jpg&#8221; alt=&#8221;Vista in Mirabel-aux-Baronnies&#8221; title_text=&#8221;Vista in Mirabel-aux-Baronnies&#8221; force_fullwidth=&#8221;on&#8221; align_tablet=&#8221;center&#8221; align_phone=&#8221;&#8221; align_last_edited=&#8221;on|desktop&#8221; _builder_version=&#8221;4.16&#8243; locked=&#8221;off&#8221; global_colors_info=&#8221;{}&#8221;][\/et_pb_image][\/et_pb_column][et_pb_column type=&#8221;1_4&#8243; _builder_version=&#8221;4.16&#8243; custom_padding=&#8221;|||&#8221; global_colors_info=&#8221;{}&#8221; custom_padding__hover=&#8221;|||&#8221;][et_pb_image src=&#8221;https:\/\/reve-provencal.com\/wp-content\/uploads\/2021\/06\/mirabel-aux-baronnies-fontein-13e-eeuw.jpg&#8221; alt=&#8221;Fountain from the 13th century in Mirabel-aux-Baronnies&#8221; title_text=&#8221;Fountain from the 13th century in Mirabel-aux-Baronnies&#8221; force_fullwidth=&#8221;on&#8221; align_tablet=&#8221;center&#8221; align_phone=&#8221;&#8221; align_last_edited=&#8221;on|desktop&#8221; _builder_version=&#8221;4.16&#8243; locked=&#8221;off&#8221; global_colors_info=&#8221;{}&#8221;][\/et_pb_image][\/et_pb_column][et_pb_column type=&#8221;1_4&#8243; _builder_version=&#8221;4.16&#8243; custom_padding=&#8221;|||&#8221; global_colors_info=&#8221;{}&#8221; custom_padding__hover=&#8221;|||&#8221;][et_pb_image src=&#8221;https:\/\/reve-provencal.com\/wp-content\/uploads\/2021\/06\/olijfmolen-mirabel-aux-baronnies.jpg&#8221; alt=&#8221;Olive oil mill in Mirabel-aux-Baronnies&#8221; title_text=&#8221;Olive oil mill in Mirabel-aux-Baronnies&#8221; force_fullwidth=&#8221;on&#8221; align_tablet=&#8221;center&#8221; align_phone=&#8221;&#8221; align_last_edited=&#8221;on|desktop&#8221; _builder_version=&#8221;4.16&#8243; locked=&#8221;off&#8221; global_colors_info=&#8221;{}&#8221;][\/et_pb_image][\/et_pb_column][et_pb_column type=&#8221;1_4&#8243; _builder_version=&#8221;4.16&#8243; custom_padding=&#8221;|||&#8221; global_colors_info=&#8221;{}&#8221; custom_padding__hover=&#8221;|||&#8221;][et_pb_image src=&#8221;https:\/\/reve-provencal.com\/wp-content\/uploads\/2021\/06\/mirabel-aux-baronnies-met-kerk.jpg&#8221; alt=&#8221;View on Mirabel-aux-Baronnies with the church&#8221; title_text=&#8221;View on Mirabel-aux-Baronnies with the church&#8221; force_fullwidth=&#8221;on&#8221; align_tablet=&#8221;center&#8221; align_phone=&#8221;&#8221; align_last_edited=&#8221;on|desktop&#8221; _builder_version=&#8221;4.16&#8243; locked=&#8221;off&#8221; global_colors_info=&#8221;{}&#8221;][\/et_pb_image][\/et_pb_column][\/et_pb_row][\/et_pb_section][et_pb_section fb_built=&#8221;1&#8243; _builder_version=&#8221;4.21.0&#8243; _module_preset=&#8221;default&#8221; global_colors_info=&#8221;{}&#8221;][et_pb_row _builder_version=&#8221;4.21.0&#8243; _module_preset=&#8221;default&#8221; global_colors_info=&#8221;{}&#8221;][et_pb_column type=&#8221;4_4&#8243; _builder_version=&#8221;4.21.0&#8243; _module_preset=&#8221;default&#8221; global_colors_info=&#8221;{}&#8221;][et_pb_text _builder_version=&#8221;4.21.0&#8243; _module_preset=&#8221;default&#8221; header_2_text_align=&#8221;center&#8221; global_colors_info=&#8221;{}&#8221;]<\/p>\n<h2>What a guest wrote<\/h2>\n<p>[\/et_pb_text][et_pb_code _builder_version=&#8221;4.21.0&#8243; _module_preset=&#8221;default&#8221; global_colors_info=&#8221;{}&#8221;]<div class=\"strong-view strong-view-id-10 default wpmtst-default\" data-count=\"1\"><div class=\"strong-content strong-normal columns-1\"><div class=\"wpmtst-testimonial testimonial post-3799\"><div class=\"wpmtst-testimonial-inner testimonial-inner\"><h3 class=\"wpmtst-testimonial-heading testimonial-heading\">What a dream<\/h3><div    class=\"wpmtst-testimonial-content testimonial-content\"><div class=\"maybe-clear\"><\/div><p>Yes, what a dream, the location is great! Beautiful house, nice terrace, fantastic garden, great outdoor lounge, cosiness all around. Not to mention the hammock, great for reading in the autumn sun. And a refreshing splash in the pool!  <\/p><\/div><div class=\"wpmtst-testimonial-field testimonial-field testimonial-name\">Vancluysen Kathy<\/div><div class=\"clear\"><\/div><\/div><\/div><\/div><\/div>[\/et_pb_code][\/et_pb_column][\/et_pb_row][\/et_pb_section][et_pb_section fb_built=\"1\" _builder_version=\"4.21.0\" _module_preset=\"default\" background_color=\"#F3F7F4\" global_colors_info=\"{}\"][et_pb_row column_structure=\"3_5,2_5\" custom_padding_last_edited=\"on|phone\" _builder_version=\"4.16\" _module_preset=\"default\" custom_padding_tablet=\"\" custom_padding_phone=\"0px||0px||true|false\" global_colors_info=\"{}\"][et_pb_column type=\"3_5\" _builder_version=\"4.16\" _module_preset=\"default\" global_colors_info=\"{}\"][et_pb_text _builder_version=\"4.17.4\" _module_preset=\"default\" link_font=\"|700|||||||\" header_2_line_height=\"1.4em\" header_2_font_size_tablet=\"\" header_2_font_size_phone=\"\" header_2_font_size_last_edited=\"on|phone\" global_colors_info=\"{}\"]<\/p>\n<h2>The people behind Le R\u00eave Proven\u00e7al<\/h2>\n<p>We \u2013 Erwin Derksen and Margriet Ravensbergen \u2013 have been living in France since the end of 2007. We ended up in Le Mont-Dore in the Massif Central, where we enthusiastically have rented apartments to holidaymakers under the name <a href=\"https:\/\/lescamelias.eu\" target=\"_blank\" rel=\"noopener\">Les Cam\u00e9lias<\/a>.<\/p>\n<p>Even though we were still enthusiastic about that area and were still happy to share that enthusiasm with our guests, it started to itch. We soon fell for the area northwest of Mont Ventoux and Mirabel-aux-Baronnies in particular. We put Les Cam\u00e9lias up for sale and bought Le R\u00eave Proven\u00e7al.<\/p>\n<p>We took our years of experience with Les Cam\u00e9lias with us to Le R\u00eave Proven\u00e7al. We allow our guests their privacy, but will always be there for them if needed!<\/p>\n<p>[\/et_pb_text][et_pb_button button_url=\"https:\/\/reve-provencal.com\/en\/about-us\/\" button_text=\"Read more about us\" _builder_version=\"4.16\" _module_preset=\"23192b2e-4ba6-494d-a3eb-93d7cdcbb808\" global_colors_info=\"{}\"][\/et_pb_button][\/et_pb_column][et_pb_column type=\"2_5\" _builder_version=\"4.16\" _module_preset=\"default\" global_colors_info=\"{}\"][et_pb_image src=\"https:\/\/reve-provencal.com\/wp-content\/uploads\/2021\/06\/erwin-derksen-margriet-ravensbergen-le-reve-provencal.jpg\" alt=\"Erwin Derksen and Margriet Ravensbergen from Le R\u00eave Proven\u00e7al\" title_text=\"Erwin Derksen and Margriet Ravensbergen from Le R\u00eave Proven\u00e7al\" show_in_lightbox=\"on\" _builder_version=\"4.16\" _module_preset=\"252e04d1-cf21-4179-b94d-b3a94039e31a\" global_colors_info=\"{}\"][\/et_pb_image][\/et_pb_column][\/et_pb_row][\/et_pb_section][et_pb_section fb_built=\"1\" custom_padding_last_edited=\"on|phone\" admin_label=\"Footer Section\" _builder_version=\"4.16\" background_color=\"#F3F7F4\" custom_padding=\"4em||2em||false|false\" custom_padding_tablet=\"\" custom_padding_phone=\"2em||2em||false|false\" global_colors_info=\"{}\"][et_pb_row admin_label=\"Title Area\" _builder_version=\"4.16\" custom_padding=\"0px||0px||true|false\" locked=\"off\" global_colors_info=\"{}\"][et_pb_column type=\"4_4\" _builder_version=\"4.16\" custom_padding=\"|||\" global_colors_info=\"{}\" custom_padding__hover=\"|||\"][et_pb_text admin_label=\"Title\" _builder_version=\"4.16\" text_font=\"||||||||\" header_font=\"||||||||\" header_2_font=\"||||||||\" header_2_text_align=\"center\" header_2_font_size=\"42px\" header_2_line_height=\"1.3em\" custom_margin=\"||20px|\" animation_style=\"slide\" animation_direction=\"top\" animation_intensity_slide=\"30%\" animation_starting_opacity=\"100%\" header_2_font_size_tablet=\"\" header_2_font_size_phone=\"38px\" header_2_font_size_last_edited=\"on|phone\" global_colors_info=\"{}\"]<\/p>\n<h2>Contact us<\/h2>\n<p>[\/et_pb_text][et_pb_divider color=\"#8875BB\" divider_weight=\"3px\" _builder_version=\"4.16\" max_width=\"50px\" module_alignment=\"center\" custom_margin=\"||10px|\" animation_style=\"slide\" animation_direction=\"top\" animation_intensity_slide=\"30%\" animation_starting_opacity=\"100%\" global_colors_info=\"{}\"][\/et_pb_divider][\/et_pb_column][\/et_pb_row][et_pb_row column_structure=\"1_4,1_4,1_4,1_4\" _builder_version=\"4.16\" _module_preset=\"default\" width=\"60%\" width_tablet=\"\" width_phone=\"80%\" width_last_edited=\"on|phone\" custom_padding=\"0px||0px||true|false\" global_colors_info=\"{}\"][et_pb_column type=\"1_4\" _builder_version=\"4.16\" _module_preset=\"default\" global_colors_info=\"{}\"][et_pb_blurb use_icon=\"on\" font_icon=\"&#xe009;||divi||400\" image_icon_background_color=\"#D8E9DD\" image_icon_width=\"48px\" _builder_version=\"4.16\" _module_preset=\"default\" body_text_align=\"center\" body_text_color=\"#3D423F\" image_icon_custom_padding=\"25px|25px|25px|25px|false|false\" border_radii_image=\"on|100%|100%|100%|100%\" border_width_all_image=\"3px\" border_color_all_image=\"#8875bb\" use_circle=\"on\" use_circle_border=\"on\" circle_color=\"#D8E9DD\" global_colors_info=\"{}\" image_icon_background_color__sticky_enabled=\"#8875bb\" image_icon_background_color__sticky=\"#8875bb\"]<\/p>\n<p>Le R\u00eave Proven\u00e7al<br \/>Les Trailles<br \/>422 chemin de la Riaille<br \/>26110 Mirabel-aux-Baronnies<\/p>\n<p>[\/et_pb_blurb][\/et_pb_column][et_pb_column type=\"1_4\" _builder_version=\"4.16\" _module_preset=\"default\" global_colors_info=\"{}\"][et_pb_blurb use_icon=\"on\" font_icon=\"&#xe010;||divi||400\" image_icon_background_color=\"#D8E9DD\" image_icon_width=\"48px\" _builder_version=\"4.16\" _module_preset=\"default\" body_font=\"|700|||||||\" body_text_align=\"center\" image_icon_custom_padding=\"25px|25px|25px|25px|false|false\" border_radii_image=\"on|100%|100%|100%|100%\" border_width_all_image=\"3px\" border_color_all_image=\"#8875bb\" use_circle=\"on\" use_circle_border=\"on\" circle_color=\"#D8E9DD\" global_colors_info=\"{}\" body_link_text_color__hover_enabled=\"on|hover\" body_link_text_color__hover=\"#6F9B7E\" image_icon_background_color__sticky_enabled=\"#8875bb\" image_icon_background_color__sticky=\"#8875bb\"]<\/p>\n<p><a href=\"mailto:info@reve-provencal.com\">info@reve-provencal.com<\/a><\/p>\n<p>[\/et_pb_blurb][\/et_pb_column][et_pb_column type=\"1_4\" _builder_version=\"4.16\" _module_preset=\"default\" global_colors_info=\"{}\"][et_pb_blurb use_icon=\"on\" font_icon=\"&#xf095;||fa||900\" image_icon_background_color=\"#D8E9DD\" image_icon_width=\"48px\" _builder_version=\"4.27.4\" _module_preset=\"default\" body_font=\"|700|||||||\" body_text_align=\"center\" image_icon_custom_padding=\"25px|25px|25px|25px|false|false\" hover_enabled=\"0\" border_radii_image=\"on|100%|100%|100%|100%\" border_width_all_image=\"3px\" border_color_all_image=\"#8875bb\" use_circle=\"on\" use_circle_border=\"on\" circle_color=\"#D8E9DD\" global_colors_info=\"{}\" body_text_color__hover_enabled=\"on|hover\" body_link_text_color__hover_enabled=\"on|hover\" body_link_text_color__hover=\"#6F9B7E\" image_icon_background_color__sticky_enabled=\"#8875bb\" image_icon_background_color__sticky=\"#8875bb\" sticky_enabled=\"0\"]<a href=\"tel:0033678736421\">+33 (0)6 78 73 64 21<\/a>[\/et_pb_blurb][\/et_pb_column][et_pb_column type=\"1_4\" _builder_version=\"4.16\" _module_preset=\"default\" global_colors_info=\"{}\"][et_pb_blurb use_icon=\"on\" font_icon=\"&#xf073;||fa||400\" image_icon_background_color=\"#D8E9DD\" image_icon_width=\"48px\" _builder_version=\"4.16\" _module_preset=\"default\" body_font=\"|700|||||||\" body_text_align=\"center\" image_icon_custom_padding=\"25px|25px|25px|25px|false|false\" border_radii_image=\"on|100%|100%|100%|100%\" border_width_all_image=\"3px\" border_color_all_image=\"#8875bb\" use_circle=\"on\" use_circle_border=\"on\" circle_color=\"#D8E9DD\" global_colors_info=\"{}\" body_text_color__hover_enabled=\"on|hover\" body_link_text_color__hover_enabled=\"on|hover\" body_link_text_color__hover=\"#6F9B7E\" image_icon_background_color__sticky_enabled=\"#8875bb\" image_icon_background_color__sticky=\"#8875bb\"]<\/p>\n<p><a href=\"https:\/\/reve-provencal.com\/en\/prices-and-availability\/#reservationrequest\">Reservation request<\/a><\/p>\n<p>[\/et_pb_blurb][\/et_pb_column][\/et_pb_row][\/et_pb_section][et_pb_section fb_built=\"1\" fullwidth=\"on\" admin_label=\"Kaart\" _builder_version=\"4.16\" _module_preset=\"default\" background_color=\"#8875BB\" saved_tabs=\"all\" global_colors_info=\"{}\"][et_pb_fullwidth_code _builder_version=\"4.16\" _module_preset=\"default\" global_colors_info=\"{}\"]<iframe loading=\"lazy\" src=\"https:\/\/www.google.com\/maps\/embed?pb=!1m14!1m8!1m3!1d91381.7710665979!2d5.070781064558616!3d44.29596228276129!3m2!1i1024!2i768!4f13.1!3m3!1m2!1s0x0%3A0xed5b438d307288e3!2zTGUgUsOqdmUgUHJvdmVuw6dhbA!5e0!3m2!1sen!2sfr!4v1617389922307!5m2!1sen!2sfr\" width=\"100%\" height=\"450\" style=\"border:0\" allowfullscreen=\"\"><\/iframe>[\/et_pb_fullwidth_code][\/et_pb_section]<\/p>\n","protected":false},"excerpt":{"rendered":"<p>Le R\u00eave Proven\u00e7alHoliday home with private swimming pool in the ProvenceG\u00eete with private swimming poolFully equipped g\u00eete for up to 4 persons with 2 bedrooms, a large living room with open kitchen and a bathroom. With not only a private terrace, but also a private swimming pool. And all this surrounded by a lovely garden. [&hellip;]<\/p>\n","protected":false},"author":1,"featured_media":0,"parent":0,"menu_order":0,"comment_status":"closed","ping_status":"closed","template":"","meta":{"_et_pb_use_builder":"on","_et_pb_old_content":"","_et_gb_content_width":"","footnotes":""},"class_list":["post-2022","page","type-page","status-publish","hentry"],"_links":{"self":[{"href":"https:\/\/reve-provencal.com\/en\/wp-json\/wp\/v2\/pages\/2022","targetHints":{"allow":["GET"]}}],"collection":[{"href":"https:\/\/reve-provencal.com\/en\/wp-json\/wp\/v2\/pages"}],"about":[{"href":"https:\/\/reve-provencal.com\/en\/wp-json\/wp\/v2\/types\/page"}],"author":[{"embeddable":true,"href":"https:\/\/reve-provencal.com\/en\/wp-json\/wp\/v2\/users\/1"}],"replies":[{"embeddable":true,"href":"https:\/\/reve-provencal.com\/en\/wp-json\/wp\/v2\/comments?post=2022"}],"version-history":[{"count":37,"href":"https:\/\/reve-provencal.com\/en\/wp-json\/wp\/v2\/pages\/2022\/revisions"}],"predecessor-version":[{"id":4337,"href":"https:\/\/reve-provencal.com\/en\/wp-json\/wp\/v2\/pages\/2022\/revisions\/4337"}],"wp:attachment":[{"href":"https:\/\/reve-provencal.com\/en\/wp-json\/wp\/v2\/media?parent=2022"}],"curies":[{"name":"wp","href":"https:\/\/api.w.org\/{rel}","templated":true}]}}